{"id":59,"date":"2020-01-30T18:05:11","date_gmt":"2020-01-30T17:05:11","guid":{"rendered":"http:\/\/fotowoltage.pl\/?page_id=59"},"modified":"2020-10-01T15:52:41","modified_gmt":"2020-10-01T13:52:41","slug":"ladowarki-ev","status":"publish","type":"page","link":"https:\/\/fotowoltage.pl\/index.php\/ladowarki-ev\/","title":{"rendered":"\u0141adowarki EV"},"content":{"rendered":"<p>[et_pb_section fb_built=&#8221;1&#8243; next_background_color=&#8221;#ffffff&#8221; disabled_on=&#8221;on|off|off&#8221; admin_label=&#8221;Hero&#8221; _builder_version=&#8221;4.5.7&#8243; use_background_color_gradient=&#8221;on&#8221; background_color_gradient_start=&#8221;#164c89&#8243; background_color_gradient_end=&#8221;rgba(128,103,79,0.5)&#8221; background_color_gradient_direction=&#8221;70deg&#8221; background_color_gradient_overlays_image=&#8221;on&#8221; background_image=&#8221;http:\/\/fotowoltage.pl\/wp-content\/uploads\/2020\/10\/Ladowarki-do-samochodow-elektrycznych.jpg&#8221; custom_margin=&#8221;||4.2%|||&#8221; custom_padding=&#8221;6vw||0px|||&#8221; bottom_divider_style=&#8221;mountains2&#8243; bottom_divider_height=&#8221;20vw&#8221; bottom_divider_repeat=&#8221;0.5x&#8221; bottom_divider_flip=&#8221;horizontal|vertical&#8221;][et_pb_row _builder_version=&#8221;3.25&#8243; custom_margin=&#8221;-76px|auto||auto||&#8221; custom_padding=&#8221;27px|0px|0|0px|false|false&#8221;][et_pb_column type=&#8221;4_4&#8243; _builder_version=&#8221;3.25&#8243; custom_padding=&#8221;|||&#8221; custom_padding__hover=&#8221;|||&#8221;][et_pb_text _builder_version=&#8221;4.5.7&#8243; text_font=&#8221;Lato||||||||&#8221; text_font_size=&#8221;35px&#8221; header_font=&#8221;Lato||||||||&#8221; header_font_size=&#8221;90px&#8221; header_line_height=&#8221;1.4em&#8221; header_2_font=&#8221;Josefin Sans||||||||&#8221; header_2_text_color=&#8221;rgba(255,255,255,0.6)&#8221; header_2_font_size=&#8221;32px&#8221; header_2_line_height=&#8221;1.4em&#8221; background_layout=&#8221;dark&#8221; custom_padding=&#8221;25px|||||&#8221; animation_style=&#8221;slide&#8221; animation_direction=&#8221;right&#8221; animation_intensity_slide=&#8221;4%&#8221; header_font_size_tablet=&#8221;50px&#8221; header_font_size_phone=&#8221;32px&#8221; header_font_size_last_edited=&#8221;on|desktop&#8221; header_2_font_size_tablet=&#8221;&#8221; header_2_font_size_phone=&#8221;24px&#8221; header_2_font_size_last_edited=&#8221;on|phone&#8221;]<\/p>\n<h1>\u0141adowarki EV<\/h1>\n<p>Wygodne i kompaktowe rozwi\u0105zania<\/p>\n<p>[\/et_pb_text][\/et_pb_column][\/et_pb_row][et_pb_row use_custom_gutter=&#8221;on&#8221; gutter_width=&#8221;1&#8243; disabled_on=&#8221;on|off|off&#8221; module_class=&#8221; et_pb_row_fullwidth&#8221; _builder_version=&#8221;3.25&#8243; width=&#8221;100%&#8221; width_tablet=&#8221;100%&#8221; width_phone=&#8221;&#8221; width_last_edited=&#8221;on|desktop&#8221; max_width=&#8221;100%&#8221; max_width_tablet=&#8221;100%&#8221; max_width_phone=&#8221;&#8221; max_width_last_edited=&#8221;on|desktop&#8221; custom_margin=&#8221;218px|auto||auto||&#8221; make_fullwidth=&#8221;on&#8221; locked=&#8221;off&#8221;][et_pb_column type=&#8221;4_4&#8243; _builder_version=&#8221;3.25&#8243; custom_padding=&#8221;|||&#8221; custom_padding__hover=&#8221;|||&#8221;][\/et_pb_column][\/et_pb_row][\/et_pb_section][et_pb_section fb_built=&#8221;1&#8243; custom_padding_last_edited=&#8221;off|desktop&#8221; disabled_on=&#8221;on|off|off&#8221; admin_label=&#8221;Services&#8221; _builder_version=&#8221;4.5.7&#8243; custom_margin=&#8221;-29px|||||&#8221; custom_padding=&#8221;0px|0px|54px|0px|false|false&#8221;][et_pb_row _builder_version=&#8221;4.5.7&#8243; _module_preset=&#8221;default&#8221; custom_padding=&#8221;0px||24px|||&#8221;][et_pb_column type=&#8221;4_4&#8243; _builder_version=&#8221;4.5.7&#8243; _module_preset=&#8221;default&#8221;][et_pb_text _builder_version=&#8221;4.5.7&#8243; _module_preset=&#8221;default&#8221; text_font=&#8221;Lato||||||||&#8221; text_font_size=&#8221;20px&#8221; header_font=&#8221;Lato||||||||&#8221; custom_padding=&#8221;19px|||||&#8221; hover_enabled=&#8221;0&#8243; animation_style=&#8221;slide&#8221;]<\/p>\n<p>Samochody elektryczne stanowi\u0105 coraz wi\u0119kszy odsetek pojazd\u00f3w poruszaj\u0105cych si\u0119 po \u015bwiatowych drogach. R\u00f3wnie\u017c w Polsce wzrasta zainteresowanie elektromobilno\u015bci\u0105. Co za tym idzie, konieczne jest dostarczenie odpowiedniej infrastruktury, czyli punkt\u00f3w \u0142adowania.<\/p>\n<p>[\/et_pb_text][\/et_pb_column][\/et_pb_row][et_pb_row column_structure=&#8221;1_2,1_2&#8243; _builder_version=&#8221;4.5.7&#8243; _module_preset=&#8221;default&#8221; custom_padding=&#8221;25px||2px|||&#8221; hover_enabled=&#8221;0&#8243; disabled_on=&#8221;on|off|off&#8221;][et_pb_column type=&#8221;1_2&#8243; _builder_version=&#8221;4.5.7&#8243; _module_preset=&#8221;default&#8221;][et_pb_text _builder_version=&#8221;4.5.7&#8243; _module_preset=&#8221;default&#8221; text_font=&#8221;Lato||||||||&#8221; header_font=&#8221;Lato||||||||&#8221; header_2_font=&#8221;Lato||||||||&#8221; hover_enabled=&#8221;0&#8243; text_font_size=&#8221;20px&#8221; animation_style=&#8221;slide&#8221;]<\/p>\n<h2>\u0141adowarki AC<\/h2>\n<p>&nbsp;<\/p>\n<ul>\n<li>\u0142aduj\u0105 pr\u0105dem zmiennym<\/li>\n<li>wolniejsze w stosunku do \u0142adowarek DC (\u0142aduj\u0105cych pr\u0105dem sta\u0142ym)<\/li>\n<li>pracuj\u0105 na napi\u0119ciu 230 V lub 400 V, a maksymalne nat\u0119\u017cenie w obu przypadkach wynosi 16 A<\/li>\n<li>w wi\u0119kszo\u015bci przypadk\u00f3w posiadaj\u0105 z\u0142\u0105cze Type 2<\/li>\n<\/ul>\n<p>[\/et_pb_text][\/et_pb_column][et_pb_column type=&#8221;1_2&#8243; _builder_version=&#8221;4.5.7&#8243; _module_preset=&#8221;default&#8221;][et_pb_text _builder_version=&#8221;4.5.7&#8243; _module_preset=&#8221;default&#8221; text_font=&#8221;Lato||||||||&#8221; header_font=&#8221;Lato||||||||&#8221; header_2_font=&#8221;Lato||||||||&#8221; hover_enabled=&#8221;0&#8243; text_font_size=&#8221;20px&#8221; animation_style=&#8221;slide&#8221;]<\/p>\n<h2>\u0141adowarki DC<\/h2>\n<p>&nbsp;<\/p>\n<ul>\n<li>\u0142aduj\u0105 pr\u0105dem sta\u0142ym<\/li>\n<li>szybsze w stosunku do \u0142adowarek AC (\u0142aduj\u0105cych pr\u0105dem zmiennym)<\/li>\n<li>pracuj\u0105 na napi\u0119ciu 400 &#8211; 800 V i nat\u0119\u017ceniu 300 &#8211; 500 A<\/li>\n<li>w wi\u0119kszo\u015bci przypadk\u00f3w posiadaj\u0105 dedykowane z\u0142\u0105cza do r\u00f3\u017cnych modeli samochod\u00f3w<\/li>\n<\/ul>\n<p>[\/et_pb_text][\/et_pb_column][\/et_pb_row][\/et_pb_section][et_pb_section fb_built=&#8221;1&#8243; prev_background_color=&#8221;#ffffff&#8221; next_background_color=&#8221;#ffffff&#8221; disabled_on=&#8221;off|on|on&#8221; admin_label=&#8221;Call To Action&#8221; _builder_version=&#8221;4.5.7&#8243; use_background_color_gradient=&#8221;on&#8221; background_color_gradient_start=&#8221;#164c89&#8243; background_color_gradient_end=&#8221;rgba(128,103,79,0.5)&#8221; background_color_gradient_direction=&#8221;70deg&#8221; background_color_gradient_overlays_image=&#8221;on&#8221; background_image=&#8221;http:\/\/fotowoltage.pl\/wp-content\/uploads\/2020\/10\/Ladowarki-do-samochodow-elektrycznych.jpg&#8221; min_height=&#8221;585px&#8221; custom_margin=&#8221;|||&#8221; custom_padding=&#8221;11vw||5vw||false|false&#8221; top_divider_style=&#8221;mountains2&#8243; top_divider_height=&#8221;18vw&#8221; top_divider_repeat=&#8221;0.5x&#8221; bottom_divider_style=&#8221;mountains2&#8243; bottom_divider_height=&#8221;14%&#8221; bottom_divider_repeat=&#8221;0.5x&#8221; bottom_divider_flip=&#8221;horizontal&#8221; locked=&#8221;off&#8221;][et_pb_row _builder_version=&#8221;3.25&#8243; custom_margin=&#8221;-76px|auto||auto||&#8221; custom_padding=&#8221;27px|0px|0|0px|false|false&#8221;][et_pb_column type=&#8221;4_4&#8243; _builder_version=&#8221;3.25&#8243; custom_padding=&#8221;|||&#8221; custom_padding__hover=&#8221;|||&#8221;][et_pb_text _builder_version=&#8221;4.5.7&#8243; text_font=&#8221;Lato||||||||&#8221; text_font_size=&#8221;35px&#8221; header_font=&#8221;Lato||||||||&#8221; header_font_size=&#8221;90px&#8221; header_line_height=&#8221;1.4em&#8221; header_2_font=&#8221;Josefin Sans||||||||&#8221; header_2_text_color=&#8221;rgba(255,255,255,0.6)&#8221; header_2_font_size=&#8221;32px&#8221; header_2_line_height=&#8221;1.4em&#8221; background_layout=&#8221;dark&#8221; min_height=&#8221;294px&#8221; custom_padding=&#8221;106px|||||&#8221; animation_style=&#8221;slide&#8221; animation_direction=&#8221;right&#8221; animation_intensity_slide=&#8221;4%&#8221; text_font_size_tablet=&#8221;&#8221; text_font_size_phone=&#8221;25px&#8221; text_font_size_last_edited=&#8221;on|phone&#8221; header_font_size_tablet=&#8221;50px&#8221; header_font_size_phone=&#8221;40px&#8221; header_font_size_last_edited=&#8221;on|desktop&#8221; header_2_font_size_tablet=&#8221;&#8221; header_2_font_size_phone=&#8221;24px&#8221; header_2_font_size_last_edited=&#8221;on|phone&#8221;]<\/p>\n<h1>\u0141adowarki EV<\/h1>\n<p>Wygodne i kompaktowe rozwi\u0105zania<\/p>\n<p>[\/et_pb_text][\/et_pb_column][\/et_pb_row][\/et_pb_section][et_pb_section fb_built=&#8221;1&#8243; custom_padding_last_edited=&#8221;off|desktop&#8221; disabled_on=&#8221;off|on|on&#8221; admin_label=&#8221;Services&#8221; _builder_version=&#8221;4.5.7&#8243; custom_margin=&#8221;-29px|||||&#8221; custom_padding=&#8221;54px|0px|54px|0px|false|false&#8221;][et_pb_row _builder_version=&#8221;4.5.7&#8243; _module_preset=&#8221;default&#8221; custom_padding=&#8221;0px||24px|||&#8221;][et_pb_column type=&#8221;4_4&#8243; _builder_version=&#8221;4.5.7&#8243; _module_preset=&#8221;default&#8221;][et_pb_text _builder_version=&#8221;4.5.7&#8243; _module_preset=&#8221;default&#8221; text_font=&#8221;Lato||||||||&#8221; text_font_size=&#8221;20px&#8221; header_font=&#8221;Lato||||||||&#8221; custom_margin=&#8221;||23px|||&#8221; custom_padding=&#8221;19px|||||&#8221; hover_enabled=&#8221;0&#8243; text_font_size_tablet=&#8221;&#8221; text_font_size_phone=&#8221;15px&#8221; text_font_size_last_edited=&#8221;on|phone&#8221;]<\/p>\n<p>Samochody elektryczne stanowi\u0105 coraz wi\u0119kszy odsetek pojazd\u00f3w poruszaj\u0105cych si\u0119 po \u015bwiatowych drogach. R\u00f3wnie\u017c w Polsce wzrasta zainteresowanie elektromobilno\u015bci\u0105. Co za tym idzie, konieczne jest dostarczenie odpowiedniej infrastruktury, czyli punkt\u00f3w \u0142adowania.<\/p>\n<p>[\/et_pb_text][\/et_pb_column][\/et_pb_row][et_pb_row column_structure=&#8221;1_2,1_2&#8243; _builder_version=&#8221;4.5.7&#8243; _module_preset=&#8221;default&#8221; custom_padding=&#8221;25px||2px|||&#8221; hover_enabled=&#8221;0&#8243; disabled_on=&#8221;off|on|on&#8221;][et_pb_column type=&#8221;1_2&#8243; _builder_version=&#8221;4.5.7&#8243; _module_preset=&#8221;default&#8221;][et_pb_text _builder_version=&#8221;4.5.7&#8243; _module_preset=&#8221;default&#8221; text_font=&#8221;Lato||||||||&#8221; header_font=&#8221;Lato||||||||&#8221; header_2_font=&#8221;Lato||||||||&#8221; hover_enabled=&#8221;0&#8243; text_font_size=&#8221;20px&#8221; animation_style=&#8221;slide&#8221; text_font_size_last_edited=&#8221;on|phone&#8221; text_font_size_phone=&#8221;15px&#8221;]<\/p>\n<h2>\u0141adowarki AC<\/h2>\n<p>&nbsp;<\/p>\n<ul>\n<li>\u0142aduj\u0105 pr\u0105dem zmiennym<\/li>\n<li>wolniejsze w stosunku do \u0142adowarek DC (\u0142aduj\u0105cych pr\u0105dem sta\u0142ym)<\/li>\n<li>pracuj\u0105 na napi\u0119ciu 230 V lub 400 V, a maksymalne nat\u0119\u017cenie w obu przypadkach wynosi 16 A<\/li>\n<li>w wi\u0119kszo\u015bci przypadk\u00f3w posiadaj\u0105 z\u0142\u0105cze Type 2<\/li>\n<\/ul>\n<p>[\/et_pb_text][\/et_pb_column][et_pb_column type=&#8221;1_2&#8243; _builder_version=&#8221;4.5.7&#8243; _module_preset=&#8221;default&#8221;][et_pb_text _builder_version=&#8221;4.5.7&#8243; _module_preset=&#8221;default&#8221; text_font=&#8221;Lato||||||||&#8221; header_font=&#8221;Lato||||||||&#8221; header_2_font=&#8221;Lato||||||||&#8221; hover_enabled=&#8221;0&#8243; text_font_size=&#8221;20px&#8221; animation_style=&#8221;slide&#8221; text_font_size_last_edited=&#8221;on|phone&#8221; text_font_size_phone=&#8221;15px&#8221;]<\/p>\n<h2>\u0141adowarki DC<\/h2>\n<p>&nbsp;<\/p>\n<ul>\n<li>\u0142aduj\u0105 pr\u0105dem sta\u0142ym<\/li>\n<li>szybsze w stosunku do \u0142adowarek AC (\u0142aduj\u0105cych pr\u0105dem zmiennym)<\/li>\n<li>pracuj\u0105 na napi\u0119ciu 400 &#8211; 800 V i nat\u0119\u017ceniu 300 &#8211; 500 A<\/li>\n<li>w wi\u0119kszo\u015bci przypadk\u00f3w posiadaj\u0105 dedykowane z\u0142\u0105cza do r\u00f3\u017cnych modeli samochod\u00f3w<\/li>\n<\/ul>\n<p>[\/et_pb_text][\/et_pb_column][\/et_pb_row][\/et_pb_section][et_pb_section fb_built=&#8221;1&#8243; prev_background_color=&#8221;#ffffff&#8221; next_background_color=&#8221;#ffffff&#8221; disabled_on=&#8221;on|off|off&#8221; admin_label=&#8221;Call To Action&#8221; _builder_version=&#8221;4.5.7&#8243; use_background_color_gradient=&#8221;on&#8221; background_color_gradient_start=&#8221;#164c89&#8243; background_color_gradient_end=&#8221;rgba(128,103,79,0.5)&#8221; background_color_gradient_direction=&#8221;70deg&#8221; background_color_gradient_overlays_image=&#8221;on&#8221; background_image=&#8221;http:\/\/fotowoltage.pl\/wp-content\/uploads\/2020\/09\/Prad-z-fotowoltaiki.jpg&#8221; min_height=&#8221;585px&#8221; custom_margin=&#8221;|||&#8221; custom_padding=&#8221;11vw||5vw||false|false&#8221; top_divider_style=&#8221;mountains2&#8243; top_divider_height=&#8221;18vw&#8221; top_divider_repeat=&#8221;0.5x&#8221; bottom_divider_style=&#8221;mountains2&#8243; bottom_divider_height=&#8221;14%&#8221; bottom_divider_repeat=&#8221;0.5x&#8221; bottom_divider_flip=&#8221;horizontal&#8221; hover_enabled=&#8221;0&#8243; locked=&#8221;off&#8221;][et_pb_row _builder_version=&#8221;3.25&#8243; custom_margin=&#8221;-76px|auto||auto||&#8221; custom_padding=&#8221;27px|0px|0|0px|false|false&#8221;][et_pb_column type=&#8221;4_4&#8243; _builder_version=&#8221;3.25&#8243; custom_padding=&#8221;|||&#8221; custom_padding__hover=&#8221;|||&#8221;][et_pb_text _builder_version=&#8221;4.5.7&#8243; text_font=&#8221;Lato||||||||&#8221; text_font_size=&#8221;35px&#8221; header_font=&#8221;Lato||||||||&#8221; header_font_size=&#8221;90px&#8221; header_line_height=&#8221;1.4em&#8221; header_2_font=&#8221;Josefin Sans||||||||&#8221; header_2_text_color=&#8221;rgba(255,255,255,0.6)&#8221; header_2_font_size=&#8221;32px&#8221; header_2_line_height=&#8221;1.4em&#8221; background_layout=&#8221;dark&#8221; custom_padding=&#8221;121px|||||&#8221; animation_style=&#8221;slide&#8221; animation_direction=&#8221;right&#8221; animation_intensity_slide=&#8221;4%&#8221; header_font_size_tablet=&#8221;50px&#8221; header_font_size_phone=&#8221;32px&#8221; header_font_size_last_edited=&#8221;on|desktop&#8221; header_2_font_size_tablet=&#8221;&#8221; header_2_font_size_phone=&#8221;24px&#8221; header_2_font_size_last_edited=&#8221;on|phone&#8221;]<\/p>\n<h1>Dla kogo?<\/h1>\n<p>[\/et_pb_text][\/et_pb_column][\/et_pb_row][\/et_pb_section][et_pb_section fb_built=&#8221;1&#8243; disabled_on=&#8221;on|off|off&#8221; _builder_version=&#8221;4.5.7&#8243; _module_preset=&#8221;default&#8221;][et_pb_row column_structure=&#8221;1_5,1_5,1_5,1_5,1_5&#8243; _builder_version=&#8221;4.5.7&#8243; _module_preset=&#8221;default&#8221; custom_padding=&#8221;||14px|||&#8221;][et_pb_column type=&#8221;1_5&#8243; _builder_version=&#8221;4.5.7&#8243; _module_preset=&#8221;default&#8221;][et_pb_blurb image=&#8221;http:\/\/fotowoltage.pl\/wp-content\/uploads\/2020\/10\/electric-car.png&#8221; _builder_version=&#8221;4.5.7&#8243; _module_preset=&#8221;default&#8221; body_font=&#8221;Lato||||||||&#8221; body_text_align=&#8221;center&#8221; animation_style=&#8221;slide&#8221;]<\/p>\n<p>W\u0142a\u015bciciele samochod\u00f3w elektrycznych i hybryd typu plug-in<\/p>\n<p>[\/et_pb_blurb][\/et_pb_column][et_pb_column type=&#8221;1_5&#8243; _builder_version=&#8221;4.5.7&#8243; _module_preset=&#8221;default&#8221;][et_pb_blurb image=&#8221;http:\/\/fotowoltage.pl\/wp-content\/uploads\/2020\/10\/hotel.png&#8221; _builder_version=&#8221;4.5.7&#8243; _module_preset=&#8221;default&#8221; body_font=&#8221;Lato||||||||&#8221; body_text_align=&#8221;center&#8221; animation_style=&#8221;slide&#8221;]<\/p>\n<p>Hotele i pensjonaty<\/p>\n<p>[\/et_pb_blurb][\/et_pb_column][et_pb_column type=&#8221;1_5&#8243; _builder_version=&#8221;4.5.7&#8243; _module_preset=&#8221;default&#8221;][et_pb_blurb image=&#8221;http:\/\/fotowoltage.pl\/wp-content\/uploads\/2020\/10\/cutlery.png&#8221; _builder_version=&#8221;4.5.7&#8243; _module_preset=&#8221;default&#8221; body_font=&#8221;Lato||||||||&#8221; body_text_align=&#8221;center&#8221; animation_style=&#8221;slide&#8221;]<\/p>\n<p>Restauracje<\/p>\n<p>[\/et_pb_blurb][\/et_pb_column][et_pb_column type=&#8221;1_5&#8243; _builder_version=&#8221;4.5.7&#8243; _module_preset=&#8221;default&#8221;][et_pb_blurb image=&#8221;http:\/\/fotowoltage.pl\/wp-content\/uploads\/2020\/10\/parking-area.png&#8221; _builder_version=&#8221;4.5.7&#8243; _module_preset=&#8221;default&#8221; body_font=&#8221;Lato||||||||&#8221; body_text_align=&#8221;center&#8221; animation_style=&#8221;slide&#8221;]<\/p>\n<p>W\u0142a\u015bciciele parking\u00f3w<\/p>\n<p>[\/et_pb_blurb][\/et_pb_column][et_pb_column type=&#8221;1_5&#8243; _builder_version=&#8221;4.5.7&#8243; _module_preset=&#8221;default&#8221;][et_pb_blurb image=&#8221;http:\/\/fotowoltage.pl\/wp-content\/uploads\/2020\/10\/electric-charge.png&#8221; _builder_version=&#8221;4.5.7&#8243; _module_preset=&#8221;default&#8221; body_font=&#8221;Lato||||||||&#8221; body_text_align=&#8221;center&#8221; animation_style=&#8221;slide&#8221;]<\/p>\n<p>Stacje benzynowe<\/p>\n<p>[\/et_pb_blurb][\/et_pb_column][\/et_pb_row][\/et_pb_section][et_pb_section fb_built=&#8221;1&#8243; prev_background_color=&#8221;#ffffff&#8221; next_background_color=&#8221;#ffffff&#8221; disabled_on=&#8221;off|on|on&#8221; admin_label=&#8221;Call To Action&#8221; _builder_version=&#8221;4.5.7&#8243; use_background_color_gradient=&#8221;on&#8221; background_color_gradient_start=&#8221;#164c89&#8243; background_color_gradient_end=&#8221;rgba(128,103,79,0.5)&#8221; background_color_gradient_direction=&#8221;70deg&#8221; background_color_gradient_overlays_image=&#8221;on&#8221; background_image=&#8221;http:\/\/fotowoltage.pl\/wp-content\/uploads\/2020\/09\/Prad-z-fotowoltaiki-1.jpg&#8221; min_height=&#8221;585px&#8221; custom_margin=&#8221;|||&#8221; custom_padding=&#8221;11vw||5vw||false|false&#8221; top_divider_style=&#8221;mountains2&#8243; top_divider_height=&#8221;18vw&#8221; top_divider_repeat=&#8221;0.5x&#8221; bottom_divider_style=&#8221;mountains2&#8243; bottom_divider_height=&#8221;14%&#8221; bottom_divider_repeat=&#8221;0.5x&#8221; bottom_divider_flip=&#8221;horizontal&#8221; locked=&#8221;off&#8221;][et_pb_row _builder_version=&#8221;3.25&#8243; custom_margin=&#8221;-76px|auto||auto||&#8221; custom_padding=&#8221;27px|0px|0|0px|false|false&#8221;][et_pb_column type=&#8221;4_4&#8243; _builder_version=&#8221;3.25&#8243; custom_padding=&#8221;|||&#8221; custom_padding__hover=&#8221;|||&#8221;][et_pb_text _builder_version=&#8221;4.5.7&#8243; text_font=&#8221;Lato||||||||&#8221; text_font_size=&#8221;35px&#8221; header_font=&#8221;Lato||||||||&#8221; header_font_size=&#8221;90px&#8221; header_line_height=&#8221;1.4em&#8221; header_2_font=&#8221;Josefin Sans||||||||&#8221; header_2_text_color=&#8221;rgba(255,255,255,0.6)&#8221; header_2_font_size=&#8221;32px&#8221; header_2_line_height=&#8221;1.4em&#8221; background_layout=&#8221;dark&#8221; custom_padding=&#8221;239px|||||&#8221; animation_style=&#8221;slide&#8221; animation_direction=&#8221;right&#8221; animation_intensity_slide=&#8221;4%&#8221; text_font_size_tablet=&#8221;&#8221; text_font_size_phone=&#8221;19px&#8221; text_font_size_last_edited=&#8221;on|phone&#8221; header_font_size_tablet=&#8221;50px&#8221; header_font_size_phone=&#8221;40px&#8221; header_font_size_last_edited=&#8221;on|desktop&#8221; header_2_font_size_tablet=&#8221;&#8221; header_2_font_size_phone=&#8221;24px&#8221; header_2_font_size_last_edited=&#8221;on|phone&#8221;]<\/p>\n<h1>Dla kogo?<\/h1>\n<p>[\/et_pb_text][\/et_pb_column][\/et_pb_row][\/et_pb_section][et_pb_section fb_built=&#8221;1&#8243; disabled_on=&#8221;off|on|on&#8221; _builder_version=&#8221;4.5.7&#8243; _module_preset=&#8221;default&#8221; custom_padding=&#8221;0px|||||&#8221;][et_pb_row column_structure=&#8221;1_5,1_5,1_5,1_5,1_5&#8243; _builder_version=&#8221;4.5.7&#8243; _module_preset=&#8221;default&#8221; custom_padding=&#8221;||14px|||&#8221;][et_pb_column type=&#8221;1_5&#8243; _builder_version=&#8221;4.5.7&#8243; _module_preset=&#8221;default&#8221;][et_pb_blurb image=&#8221;http:\/\/fotowoltage.pl\/wp-content\/uploads\/2020\/10\/electric-car.png&#8221; _builder_version=&#8221;4.5.7&#8243; _module_preset=&#8221;default&#8221; body_font=&#8221;Lato||||||||&#8221; body_text_align=&#8221;center&#8221; body_line_height=&#8221;1em&#8221; animation_style=&#8221;slide&#8221;]<\/p>\n<p>W\u0142a\u015bciciele samochod\u00f3w elektrycznych<\/p>\n<p>i hybryd typu plug-in<\/p>\n<p>[\/et_pb_blurb][\/et_pb_column][et_pb_column type=&#8221;1_5&#8243; _builder_version=&#8221;4.5.7&#8243; _module_preset=&#8221;default&#8221;][et_pb_blurb image=&#8221;http:\/\/fotowoltage.pl\/wp-content\/uploads\/2020\/10\/hotel.png&#8221; _builder_version=&#8221;4.5.7&#8243; _module_preset=&#8221;default&#8221; body_font=&#8221;Lato||||||||&#8221; body_text_align=&#8221;center&#8221; animation_style=&#8221;slide&#8221;]<\/p>\n<p>Hotele i pensjonaty<\/p>\n<p>[\/et_pb_blurb][\/et_pb_column][et_pb_column type=&#8221;1_5&#8243; _builder_version=&#8221;4.5.7&#8243; _module_preset=&#8221;default&#8221;][et_pb_blurb image=&#8221;http:\/\/fotowoltage.pl\/wp-content\/uploads\/2020\/10\/cutlery.png&#8221; _builder_version=&#8221;4.5.7&#8243; _module_preset=&#8221;default&#8221; body_font=&#8221;Lato||||||||&#8221; body_text_align=&#8221;center&#8221; animation_style=&#8221;slide&#8221;]<\/p>\n<p>Restauracje<\/p>\n<p>[\/et_pb_blurb][\/et_pb_column][et_pb_column type=&#8221;1_5&#8243; _builder_version=&#8221;4.5.7&#8243; _module_preset=&#8221;default&#8221;][et_pb_blurb image=&#8221;http:\/\/fotowoltage.pl\/wp-content\/uploads\/2020\/10\/parking-area.png&#8221; _builder_version=&#8221;4.5.7&#8243; _module_preset=&#8221;default&#8221; body_font=&#8221;Lato||||||||&#8221; body_text_align=&#8221;center&#8221; animation_style=&#8221;slide&#8221;]<\/p>\n<p>W\u0142a\u015bciciele parking\u00f3w<\/p>\n<p>[\/et_pb_blurb][\/et_pb_column][et_pb_column type=&#8221;1_5&#8243; _builder_version=&#8221;4.5.7&#8243; _module_preset=&#8221;default&#8221;][et_pb_blurb image=&#8221;http:\/\/fotowoltage.pl\/wp-content\/uploads\/2020\/10\/electric-charge.png&#8221; _builder_version=&#8221;4.5.7&#8243; _module_preset=&#8221;default&#8221; body_font=&#8221;Lato||||||||&#8221; body_text_align=&#8221;center&#8221; animation_style=&#8221;slide&#8221;]<\/p>\n<p>Stacje benzynowe<\/p>\n<p>[\/et_pb_blurb][\/et_pb_column][\/et_pb_row][\/et_pb_section][et_pb_section fb_built=&#8221;1&#8243; prev_background_color=&#8221;#ffffff&#8221; next_background_color=&#8221;#ffffff&#8221; disabled_on=&#8221;on|off|off&#8221; admin_label=&#8221;Call To Action&#8221; _builder_version=&#8221;4.5.7&#8243; use_background_color_gradient=&#8221;on&#8221; background_color_gradient_start=&#8221;#164c89&#8243; background_color_gradient_end=&#8221;rgba(128,103,79,0.5)&#8221; background_color_gradient_direction=&#8221;70deg&#8221; background_color_gradient_overlays_image=&#8221;on&#8221; background_image=&#8221;http:\/\/fotowoltage.pl\/wp-content\/uploads\/2020\/10\/Ladowarki-do-samochodow-elektrycznych-2.jpg&#8221; min_height=&#8221;585px&#8221; custom_margin=&#8221;|||&#8221; custom_padding=&#8221;11vw||5vw||false|false&#8221; top_divider_style=&#8221;mountains2&#8243; top_divider_height=&#8221;18vw&#8221; top_divider_repeat=&#8221;0.5x&#8221; bottom_divider_style=&#8221;mountains2&#8243; bottom_divider_height=&#8221;14%&#8221; bottom_divider_repeat=&#8221;0.5x&#8221; bottom_divider_flip=&#8221;horizontal&#8221; hover_enabled=&#8221;0&#8243; locked=&#8221;off&#8221; alt=&#8221;Ladowarki do samochodow elektrycznych&#8221; title_text=&#8221;Ladowarki EV&#8221;][et_pb_row _builder_version=&#8221;3.25&#8243; custom_margin=&#8221;-76px|auto||auto||&#8221; custom_padding=&#8221;27px|0px|0|0px|false|false&#8221;][et_pb_column type=&#8221;4_4&#8243; _builder_version=&#8221;3.25&#8243; custom_padding=&#8221;|||&#8221; custom_padding__hover=&#8221;|||&#8221;][et_pb_text _builder_version=&#8221;4.5.7&#8243; text_font=&#8221;Lato||||||||&#8221; text_font_size=&#8221;35px&#8221; header_font=&#8221;Lato||||||||&#8221; header_font_size=&#8221;76px&#8221; header_line_height=&#8221;1.4em&#8221; header_2_font=&#8221;Josefin Sans||||||||&#8221; header_2_text_color=&#8221;rgba(255,255,255,0.6)&#8221; header_2_font_size=&#8221;32px&#8221; header_2_line_height=&#8221;1.4em&#8221; background_layout=&#8221;dark&#8221; custom_padding=&#8221;130px|||||&#8221; animation_style=&#8221;slide&#8221; animation_direction=&#8221;right&#8221; animation_intensity_slide=&#8221;4%&#8221; hover_enabled=&#8221;0&#8243; header_font_size_tablet=&#8221;50px&#8221; header_font_size_phone=&#8221;32px&#8221; header_font_size_last_edited=&#8221;on|desktop&#8221; header_2_font_size_tablet=&#8221;&#8221; header_2_font_size_phone=&#8221;24px&#8221; header_2_font_size_last_edited=&#8221;on|phone&#8221;]<\/p>\n<h1>Komu w drog\u0119&#8230;<\/h1>\n<p>temu pr\u0105d!<\/p>\n<p>[\/et_pb_text][\/et_pb_column][\/et_pb_row][\/et_pb_section][et_pb_section fb_built=&#8221;1&#8243; prev_background_color=&#8221;#ffffff&#8221; next_background_color=&#8221;#ffffff&#8221; disabled_on=&#8221;off|on|on&#8221; admin_label=&#8221;Call To Action&#8221; _builder_version=&#8221;4.5.7&#8243; use_background_color_gradient=&#8221;on&#8221; background_color_gradient_start=&#8221;#164c89&#8243; background_color_gradient_end=&#8221;rgba(128,103,79,0.5)&#8221; background_color_gradient_direction=&#8221;70deg&#8221; background_color_gradient_overlays_image=&#8221;on&#8221; background_image=&#8221;http:\/\/fotowoltage.pl\/wp-content\/uploads\/2020\/09\/Fotowoltaika-dla-dla-klienta-indywidualnego.jpg&#8221; min_height=&#8221;585px&#8221; custom_margin=&#8221;|||&#8221; custom_padding=&#8221;11vw||5vw||false|false&#8221; top_divider_style=&#8221;mountains2&#8243; top_divider_height=&#8221;18vw&#8221; top_divider_repeat=&#8221;0.5x&#8221; bottom_divider_style=&#8221;mountains2&#8243; bottom_divider_height=&#8221;14%&#8221; bottom_divider_repeat=&#8221;0.5x&#8221; bottom_divider_flip=&#8221;horizontal&#8221; locked=&#8221;off&#8221;][et_pb_row _builder_version=&#8221;3.25&#8243; custom_margin=&#8221;-76px|auto||auto||&#8221; custom_padding=&#8221;27px|0px|0|0px|false|false&#8221;][et_pb_column type=&#8221;4_4&#8243; _builder_version=&#8221;3.25&#8243; custom_padding=&#8221;|||&#8221; custom_padding__hover=&#8221;|||&#8221;][et_pb_text content_tablet=&#8221;&#8221; content_phone=&#8221;<\/p>\n<h1>A teraz&#8230;<\/h1>\n<h2>zagotuj wod\u0119 na kaw\u0119.<\/h2>\n<\/p>\n<p>U\u017cywaj\u0105c w\u0142asnego pr\u0105du!<\/p>\n<p>&#8221; content_last_edited=&#8221;on|phone&#8221; _builder_version=&#8221;4.5.7&#8243; text_font=&#8221;Lato||||||||&#8221; text_font_size=&#8221;35px&#8221; header_font=&#8221;Lato||||||||&#8221; header_font_size=&#8221;90px&#8221; header_line_height=&#8221;1.4em&#8221; header_2_font=&#8221;Josefin Sans||||||||&#8221; header_2_text_color=&#8221;rgba(255,255,255,0.6)&#8221; header_2_font_size=&#8221;32px&#8221; header_2_line_height=&#8221;1.4em&#8221; background_layout=&#8221;dark&#8221; custom_padding=&#8221;205px|||||&#8221; animation_style=&#8221;slide&#8221; animation_direction=&#8221;right&#8221; animation_intensity_slide=&#8221;4%&#8221; text_font_size_tablet=&#8221;&#8221; text_font_size_phone=&#8221;21px&#8221; text_font_size_last_edited=&#8221;on|phone&#8221; header_font_size_tablet=&#8221;50px&#8221; header_font_size_phone=&#8221;45px&#8221; header_font_size_last_edited=&#8221;on|desktop&#8221; header_2_font_tablet=&#8221;&#8221; header_2_font_phone=&#8221;Lato||||||||&#8221; header_2_font_last_edited=&#8221;on|phone&#8221; header_2_text_color_tablet=&#8221;&#8221; header_2_text_color_phone=&#8221;#ffffff&#8221; header_2_text_color_last_edited=&#8221;on|phone&#8221; header_2_font_size_tablet=&#8221;&#8221; header_2_font_size_phone=&#8221;27px&#8221; header_2_font_size_last_edited=&#8221;on|phone&#8221;]<\/p>\n<h1>A teraz&#8230; zagotuj wod\u0119 na kaw\u0119.<\/h1>\n<p>U\u017cywaj\u0105c w\u0142asnego pr\u0105du!<\/p>\n<p>[\/et_pb_text][\/et_pb_column][\/et_pb_row][\/et_pb_section]<\/p>\n","protected":false},"excerpt":{"rendered":"<p>\u0141adowarki EV Wygodne i kompaktowe rozwi\u0105zaniaSamochody elektryczne stanowi\u0105 coraz wi\u0119kszy odsetek pojazd\u00f3w poruszaj\u0105cych si\u0119 po \u015bwiatowych drogach. R\u00f3wnie\u017c w Polsce wzrasta zainteresowanie elektromobilno\u015bci\u0105. Co za tym idzie, konieczne jest dostarczenie odpowiedniej infrastruktury, czyli punkt\u00f3w \u0142adowania.\u0141adowarki AC &nbsp; \u0142aduj\u0105 pr\u0105dem zmiennym wolniejsze w stosunku do \u0142adowarek DC (\u0142aduj\u0105cych pr\u0105dem sta\u0142ym) pracuj\u0105 na napi\u0119ciu 230 V lub [&hellip;]<\/p>\n","protected":false},"author":1,"featured_media":0,"parent":0,"menu_order":0,"comment_status":"closed","ping_status":"closed","template":"","meta":{"_et_pb_use_builder":"on","_et_pb_old_content":"","_et_gb_content_width":"","footnotes":""},"class_list":["post-59","page","type-page","status-publish","hentry"],"_links":{"self":[{"href":"https:\/\/fotowoltage.pl\/index.php\/wp-json\/wp\/v2\/pages\/59","targetHints":{"allow":["GET"]}}],"collection":[{"href":"https:\/\/fotowoltage.pl\/index.php\/wp-json\/wp\/v2\/pages"}],"about":[{"href":"https:\/\/fotowoltage.pl\/index.php\/wp-json\/wp\/v2\/types\/page"}],"author":[{"embeddable":true,"href":"https:\/\/fotowoltage.pl\/index.php\/wp-json\/wp\/v2\/users\/1"}],"replies":[{"embeddable":true,"href":"https:\/\/fotowoltage.pl\/index.php\/wp-json\/wp\/v2\/comments?post=59"}],"version-history":[{"count":19,"href":"https:\/\/fotowoltage.pl\/index.php\/wp-json\/wp\/v2\/pages\/59\/revisions"}],"predecessor-version":[{"id":1000,"href":"https:\/\/fotowoltage.pl\/index.php\/wp-json\/wp\/v2\/pages\/59\/revisions\/1000"}],"wp:attachment":[{"href":"https:\/\/fotowoltage.pl\/index.php\/wp-json\/wp\/v2\/media?parent=59"}],"curies":[{"name":"wp","href":"https:\/\/api.w.org\/{rel}","templated":true}]}}