{"id":53,"date":"2020-01-30T18:03:25","date_gmt":"2020-01-30T17:03:25","guid":{"rendered":"http:\/\/fotowoltage.pl\/?page_id=53"},"modified":"2022-03-24T12:14:56","modified_gmt":"2022-03-24T11:14:56","slug":"dla-domu","status":"publish","type":"page","link":"https:\/\/fotowoltage.pl\/index.php\/dla-domu\/","title":{"rendered":"Fotowoltaika dla domu"},"content":{"rendered":"<p>[et_pb_section fb_built=&#8221;1&#8243; next_background_color=&#8221;#ffffff&#8221; disabled_on=&#8221;on|off|off&#8221; admin_label=&#8221;Hero&#8221; _builder_version=&#8221;4.5.7&#8243; use_background_color_gradient=&#8221;on&#8221; background_color_gradient_start=&#8221;#164c89&#8243; background_color_gradient_end=&#8221;rgba(128,103,79,0.5)&#8221; background_color_gradient_direction=&#8221;70deg&#8221; background_color_gradient_overlays_image=&#8221;on&#8221; background_image=&#8221;http:\/\/fotowoltage.pl\/wp-content\/uploads\/2020\/09\/Fotowoltaika-dla-domu-jednorodzinnego-1.jpg&#8221; custom_margin=&#8221;||4.2%|||&#8221; custom_padding=&#8221;6vw||0px|||&#8221; bottom_divider_style=&#8221;mountains2&#8243; bottom_divider_height=&#8221;20vw&#8221; bottom_divider_repeat=&#8221;0.5x&#8221; bottom_divider_flip=&#8221;horizontal|vertical&#8221; global_colors_info=&#8221;{}&#8221;][et_pb_row _builder_version=&#8221;4.15&#8243; custom_margin=&#8221;-76px|auto||auto||&#8221; custom_padding=&#8221;27px|0px|0|0px|false|false&#8221; global_colors_info=&#8221;{}&#8221;][et_pb_column type=&#8221;4_4&#8243; _builder_version=&#8221;4.15&#8243; custom_padding=&#8221;|||&#8221; global_colors_info=&#8221;{}&#8221; custom_padding__hover=&#8221;|||&#8221;][et_pb_text _builder_version=&#8221;4.15.1&#8243; text_font=&#8221;Lato||||||||&#8221; text_font_size=&#8221;35px&#8221; header_font=&#8221;Lato||||||||&#8221; header_font_size=&#8221;90px&#8221; header_line_height=&#8221;1.4em&#8221; header_2_font=&#8221;Josefin Sans||||||||&#8221; header_2_text_color=&#8221;rgba(255,255,255,0.6)&#8221; header_2_font_size=&#8221;32px&#8221; header_2_line_height=&#8221;1.4em&#8221; background_layout=&#8221;dark&#8221; custom_padding=&#8221;25px|||||&#8221; animation_style=&#8221;slide&#8221; animation_direction=&#8221;right&#8221; animation_intensity_slide=&#8221;4%&#8221; hover_enabled=&#8221;0&#8243; header_font_size_tablet=&#8221;50px&#8221; header_font_size_phone=&#8221;32px&#8221; header_font_size_last_edited=&#8221;on|desktop&#8221; header_2_font_size_tablet=&#8221;&#8221; header_2_font_size_phone=&#8221;24px&#8221; header_2_font_size_last_edited=&#8221;on|phone&#8221; global_colors_info=&#8221;{}&#8221; sticky_enabled=&#8221;0&#8243;]<\/p>\n<h1>Fotowoltaika dla domu<\/h1>\n<p>[\/et_pb_text][\/et_pb_column][\/et_pb_row][et_pb_row use_custom_gutter=&#8221;on&#8221; gutter_width=&#8221;1&#8243; disabled_on=&#8221;on|off|off&#8221; module_class=&#8221; et_pb_row_fullwidth&#8221; _builder_version=&#8221;4.15&#8243; width=&#8221;100%&#8221; width_tablet=&#8221;100%&#8221; width_phone=&#8221;&#8221; width_last_edited=&#8221;on|desktop&#8221; max_width=&#8221;100%&#8221; max_width_tablet=&#8221;100%&#8221; max_width_phone=&#8221;&#8221; max_width_last_edited=&#8221;on|desktop&#8221; custom_margin=&#8221;218px|auto||auto||&#8221; make_fullwidth=&#8221;on&#8221; locked=&#8221;off&#8221; global_colors_info=&#8221;{}&#8221;][et_pb_column type=&#8221;4_4&#8243; _builder_version=&#8221;4.15&#8243; custom_padding=&#8221;|||&#8221; global_colors_info=&#8221;{}&#8221; custom_padding__hover=&#8221;|||&#8221;][\/et_pb_column][\/et_pb_row][\/et_pb_section][et_pb_section fb_built=&#8221;1&#8243; prev_background_color=&#8221;#ffffff&#8221; next_background_color=&#8221;#ffffff&#8221; disabled_on=&#8221;off|on|on&#8221; admin_label=&#8221;Call To Action&#8221; _builder_version=&#8221;4.5.7&#8243; use_background_color_gradient=&#8221;on&#8221; background_color_gradient_start=&#8221;#164c89&#8243; background_color_gradient_end=&#8221;rgba(128,103,79,0.5)&#8221; background_color_gradient_direction=&#8221;70deg&#8221; background_color_gradient_overlays_image=&#8221;on&#8221; background_image=&#8221;http:\/\/fotowoltage.pl\/wp-content\/uploads\/2020\/09\/Fotowoltaika-dla-domu-jednorodzinnego-3.jpg&#8221; min_height=&#8221;585px&#8221; custom_margin=&#8221;|||&#8221; custom_padding=&#8221;11vw||5vw||false|false&#8221; top_divider_style=&#8221;mountains2&#8243; top_divider_height=&#8221;18vw&#8221; top_divider_repeat=&#8221;0.5x&#8221; bottom_divider_style=&#8221;mountains2&#8243; bottom_divider_height=&#8221;14%&#8221; bottom_divider_repeat=&#8221;0.5x&#8221; bottom_divider_flip=&#8221;horizontal&#8221; locked=&#8221;off&#8221; global_colors_info=&#8221;{}&#8221;][et_pb_row _builder_version=&#8221;4.15&#8243; custom_margin=&#8221;-76px|auto||auto||&#8221; custom_padding=&#8221;27px|0px|0|0px|false|false&#8221; global_colors_info=&#8221;{}&#8221;][et_pb_column type=&#8221;4_4&#8243; _builder_version=&#8221;4.15&#8243; custom_padding=&#8221;|||&#8221; global_colors_info=&#8221;{}&#8221; custom_padding__hover=&#8221;|||&#8221;][et_pb_text _builder_version=&#8221;4.15.1&#8243; text_font=&#8221;Lato||||||||&#8221; text_font_size=&#8221;35px&#8221; header_font=&#8221;Lato||||||||&#8221; header_font_size=&#8221;90px&#8221; header_line_height=&#8221;1.4em&#8221; header_2_font=&#8221;Josefin Sans||||||||&#8221; header_2_text_color=&#8221;rgba(255,255,255,0.6)&#8221; header_2_font_size=&#8221;32px&#8221; header_2_line_height=&#8221;1.4em&#8221; background_layout=&#8221;dark&#8221; min_height=&#8221;294px&#8221; custom_padding=&#8221;106px|||||&#8221; animation_style=&#8221;slide&#8221; animation_direction=&#8221;right&#8221; animation_intensity_slide=&#8221;4%&#8221; hover_enabled=&#8221;0&#8243; text_font_size_tablet=&#8221;&#8221; text_font_size_phone=&#8221;25px&#8221; text_font_size_last_edited=&#8221;on|phone&#8221; header_font_size_tablet=&#8221;50px&#8221; header_font_size_phone=&#8221;40px&#8221; header_font_size_last_edited=&#8221;on|desktop&#8221; header_2_font_size_tablet=&#8221;&#8221; header_2_font_size_phone=&#8221;24px&#8221; header_2_font_size_last_edited=&#8221;on|phone&#8221; global_colors_info=&#8221;{}&#8221; sticky_enabled=&#8221;0&#8243;]<\/p>\n<h1>Fotowoltaika<\/h1>\n<h1>dla domu<\/h1>\n<p>&nbsp;<\/p>\n<p>[\/et_pb_text][\/et_pb_column][\/et_pb_row][\/et_pb_section][et_pb_section fb_built=&#8221;1&#8243; custom_padding_last_edited=&#8221;off|desktop&#8221; disabled_on=&#8221;on|off|off&#8221; admin_label=&#8221;Services&#8221; _builder_version=&#8221;4.15&#8243; custom_margin=&#8221;-29px|||||&#8221; custom_padding=&#8221;54px|0px|54px|0px|false|false&#8221; global_colors_info=&#8221;{}&#8221;][et_pb_row column_structure=&#8221;1_2,1_4,1_4&#8243; _builder_version=&#8221;4.15&#8243; _module_preset=&#8221;default&#8221; custom_padding=&#8221;0px||24px|||&#8221; hover_enabled=&#8221;0&#8243; global_colors_info=&#8221;{}&#8221; sticky_enabled=&#8221;0&#8243;][et_pb_column type=&#8221;1_2&#8243; _builder_version=&#8221;4.15&#8243; _module_preset=&#8221;default&#8221; global_colors_info=&#8221;{}&#8221;][et_pb_text _builder_version=&#8221;4.15.1&#8243; _module_preset=&#8221;default&#8221; text_font=&#8221;Lato||||||||&#8221; text_font_size=&#8221;20px&#8221; header_font=&#8221;Lato||||||||&#8221; custom_padding=&#8221;19px|||||&#8221; hover_enabled=&#8221;0&#8243; global_colors_info=&#8221;{}&#8221; sticky_enabled=&#8221;0&#8243;]<\/p>\n<p>Instalacje fotowoltaiczne zg\u0142oszone i przy\u0142\u0105czone do 31 marca 2022 roku w\u0142\u0105cznie, b\u0119d\u0105 rozliczane zgodnie z zasad\u0105 opust\u00f3w, czyli 20% wyprodukowanej energii elektrycznej oddajemy do sieci celem &#8222;zap\u0142aty&#8221; za magazynowanie. Pozosta\u0142e 80% mo\u017cemy wykorzysta\u0107 i odebra\u0107 w ci\u0105gu roku.<\/p>\n<p>Od 1 kwietnia 2022 roku w \u017cycie wejdzie nowy spos\u00f3b rozliczania, tzw. net-billing. Oznacza to, \u017ce w\u0142a\u015bciciel mikroinstalacji b\u0119dzie sprzedawa\u0142 nadwy\u017cki energii po cenach hurtowych, a za pobrany pr\u0105d b\u0119dzie musia\u0142 zap\u0142aci\u0107 tak, jak pozostali odbiorcy.<\/p>\n<p>[\/et_pb_text][\/et_pb_column][et_pb_column type=&#8221;1_4&#8243; _builder_version=&#8221;4.15&#8243; _module_preset=&#8221;default&#8221; global_colors_info=&#8221;{}&#8221;][et_pb_circle_counter title=&#8221;ni\u017csze rachunki za pr\u0105d&#8221; number=&#8221;90&#8243; bar_bg_color=&#8221;#164c89&#8243; _builder_version=&#8221;4.15&#8243; _module_preset=&#8221;default&#8221; title_font=&#8221;Lato||||||||&#8221; title_font_size=&#8221;15px&#8221; custom_margin=&#8221;0px|auto|-58px|auto|false|false&#8221; custom_padding=&#8221;|0px||44px||&#8221; global_colors_info=&#8221;{}&#8221;][\/et_pb_circle_counter][\/et_pb_column][et_pb_column type=&#8221;1_4&#8243; _builder_version=&#8221;4.15&#8243; _module_preset=&#8221;default&#8221; global_colors_info=&#8221;{}&#8221;][et_pb_circle_counter title=&#8221;pokrycia zapotrzebowania energetycznego&#8221; number=&#8221;98&#8243; bar_bg_color=&#8221;#164c89&#8243; _builder_version=&#8221;4.15&#8243; _module_preset=&#8221;default&#8221; title_font=&#8221;Lato||||||||&#8221; title_font_size=&#8221;15px&#8221; custom_margin=&#8221;0px|auto|-58px|auto|false|false&#8221; custom_padding=&#8221;|47px||0px||&#8221; global_colors_info=&#8221;{}&#8221;][\/et_pb_circle_counter][\/et_pb_column][\/et_pb_row][\/et_pb_section][et_pb_section fb_built=&#8221;1&#8243; custom_padding_last_edited=&#8221;off|desktop&#8221; disabled_on=&#8221;off|on|on&#8221; admin_label=&#8221;Services&#8221; _builder_version=&#8221;4.15&#8243; custom_margin=&#8221;-29px|||||&#8221; custom_padding=&#8221;54px|0px|54px|0px|false|false&#8221; global_colors_info=&#8221;{}&#8221;][et_pb_row column_structure=&#8221;1_2,1_4,1_4&#8243; _builder_version=&#8221;4.15&#8243; _module_preset=&#8221;default&#8221; custom_padding=&#8221;0px||24px|||&#8221; global_colors_info=&#8221;{}&#8221;][et_pb_column type=&#8221;1_2&#8243; _builder_version=&#8221;4.15&#8243; _module_preset=&#8221;default&#8221; global_colors_info=&#8221;{}&#8221;][et_pb_text _builder_version=&#8221;4.15.1&#8243; _module_preset=&#8221;default&#8221; text_font=&#8221;Lato||||||||&#8221; text_font_size=&#8221;20px&#8221; header_font=&#8221;Lato||||||||&#8221; custom_margin=&#8221;||23px|||&#8221; custom_padding=&#8221;19px|||||&#8221; hover_enabled=&#8221;0&#8243; text_font_size_tablet=&#8221;&#8221; text_font_size_phone=&#8221;15px&#8221; text_font_size_last_edited=&#8221;on|phone&#8221; global_colors_info=&#8221;{}&#8221; sticky_enabled=&#8221;0&#8243;]<\/p>\n<p>Instalacje fotowoltaiczne zg\u0142oszone i przy\u0142\u0105czone do 31 marca 2022 roku w\u0142\u0105cznie, b\u0119d\u0105 rozliczane zgodnie z zasad\u0105 opust\u00f3w, czyli 20% wyprodukowanej energii elektrycznej oddajemy do sieci celem &#8222;zap\u0142aty&#8221; za magazynowanie. Pozosta\u0142e 80% mo\u017cemy wykorzysta\u0107 i odebra\u0107 w ci\u0105gu roku.<\/p>\n<p>Od 1 kwietnia 2022 roku w \u017cycie wejdzie nowy spos\u00f3b rozliczania, tzw. net-billing. Oznacza to, \u017ce w\u0142a\u015bciciel mikroinstalacji b\u0119dzie sprzedawa\u0142 nadwy\u017cki energii po cenach hurtowych, a za pobrany pr\u0105d b\u0119dzie musia\u0142 zap\u0142aci\u0107 tak, jak pozostali odbiorcy.<\/p>\n<p>[\/et_pb_text][\/et_pb_column][et_pb_column type=&#8221;1_4&#8243; _builder_version=&#8221;4.15&#8243; _module_preset=&#8221;default&#8221; global_colors_info=&#8221;{}&#8221;][et_pb_circle_counter title=&#8221;ni\u017csze rachunki za pr\u0105d&#8221; number=&#8221;90&#8243; bar_bg_color=&#8221;#164c89&#8243; _builder_version=&#8221;4.15&#8243; _module_preset=&#8221;default&#8221; title_font=&#8221;Lato||||||||&#8221; title_font_size=&#8221;15px&#8221; min_height=&#8221;266px&#8221; custom_margin=&#8221;0px|auto|-58px|auto|false|false&#8221; custom_padding=&#8221;|0px||0px||&#8221; global_colors_info=&#8221;{}&#8221;][\/et_pb_circle_counter][\/et_pb_column][et_pb_column type=&#8221;1_4&#8243; _builder_version=&#8221;4.15&#8243; _module_preset=&#8221;default&#8221; global_colors_info=&#8221;{}&#8221;][et_pb_circle_counter title=&#8221;pokrycia zapotrzebowania energetycznego&#8221; number=&#8221;98&#8243; bar_bg_color=&#8221;#164c89&#8243; _builder_version=&#8221;4.15&#8243; _module_preset=&#8221;default&#8221; title_font=&#8221;Lato||||||||&#8221; title_font_size=&#8221;15px&#8221; custom_margin=&#8221;0px|auto|-58px|auto|false|false&#8221; custom_padding=&#8221;52px|0px|46px|0px||&#8221; global_colors_info=&#8221;{}&#8221;][\/et_pb_circle_counter][\/et_pb_column][\/et_pb_row][\/et_pb_section][et_pb_section fb_built=&#8221;1&#8243; prev_background_color=&#8221;#ffffff&#8221; next_background_color=&#8221;#ffffff&#8221; disabled_on=&#8221;on|off|off&#8221; admin_label=&#8221;Call To Action&#8221; _builder_version=&#8221;4.5.7&#8243; use_background_color_gradient=&#8221;on&#8221; background_color_gradient_start=&#8221;#164c89&#8243; background_color_gradient_end=&#8221;rgba(128,103,79,0.5)&#8221; background_color_gradient_direction=&#8221;70deg&#8221; background_color_gradient_overlays_image=&#8221;on&#8221; background_image=&#8221;http:\/\/fotowoltage.pl\/wp-content\/uploads\/2020\/09\/Prad-z-fotowoltaiki.jpg&#8221; min_height=&#8221;585px&#8221; custom_margin=&#8221;|||&#8221; custom_padding=&#8221;11vw||5vw||false|false&#8221; top_divider_style=&#8221;mountains2&#8243; top_divider_height=&#8221;18vw&#8221; top_divider_repeat=&#8221;0.5x&#8221; bottom_divider_style=&#8221;mountains2&#8243; bottom_divider_height=&#8221;14%&#8221; bottom_divider_repeat=&#8221;0.5x&#8221; bottom_divider_flip=&#8221;horizontal&#8221; locked=&#8221;off&#8221; global_colors_info=&#8221;{}&#8221;][et_pb_row _builder_version=&#8221;4.15&#8243; custom_margin=&#8221;-76px|auto||auto||&#8221; custom_padding=&#8221;27px|0px|0|0px|false|false&#8221; global_colors_info=&#8221;{}&#8221;][et_pb_column type=&#8221;4_4&#8243; _builder_version=&#8221;4.15&#8243; custom_padding=&#8221;|||&#8221; global_colors_info=&#8221;{}&#8221; custom_padding__hover=&#8221;|||&#8221;][et_pb_text _builder_version=&#8221;4.15&#8243; text_font=&#8221;Lato||||||||&#8221; text_font_size=&#8221;35px&#8221; header_font=&#8221;Lato||||||||&#8221; header_font_size=&#8221;90px&#8221; header_line_height=&#8221;1.4em&#8221; header_2_font=&#8221;Josefin Sans||||||||&#8221; header_2_text_color=&#8221;rgba(255,255,255,0.6)&#8221; header_2_font_size=&#8221;32px&#8221; header_2_line_height=&#8221;1.4em&#8221; background_layout=&#8221;dark&#8221; custom_padding=&#8221;98px|||||&#8221; animation_style=&#8221;slide&#8221; animation_direction=&#8221;right&#8221; animation_intensity_slide=&#8221;4%&#8221; header_font_size_tablet=&#8221;50px&#8221; header_font_size_phone=&#8221;32px&#8221; header_font_size_last_edited=&#8221;on|desktop&#8221; header_2_font_size_tablet=&#8221;&#8221; header_2_font_size_phone=&#8221;24px&#8221; header_2_font_size_last_edited=&#8221;on|phone&#8221; global_colors_info=&#8221;{}&#8221;]<\/p>\n<h1>W\u0142asny pr\u0105d?<\/h1>\n<p>Zobacz jakie to proste!<\/p>\n<p>[\/et_pb_text][\/et_pb_column][\/et_pb_row][\/et_pb_section][et_pb_section fb_built=&#8221;1&#8243; prev_background_color=&#8221;#ffffff&#8221; next_background_color=&#8221;#ffffff&#8221; disabled_on=&#8221;off|on|on&#8221; admin_label=&#8221;Call To Action&#8221; _builder_version=&#8221;4.5.7&#8243; use_background_color_gradient=&#8221;on&#8221; background_color_gradient_start=&#8221;#164c89&#8243; background_color_gradient_end=&#8221;rgba(128,103,79,0.5)&#8221; background_color_gradient_direction=&#8221;70deg&#8221; background_color_gradient_overlays_image=&#8221;on&#8221; background_image=&#8221;http:\/\/fotowoltage.pl\/wp-content\/uploads\/2020\/09\/Prad-z-fotowoltaiki-1.jpg&#8221; min_height=&#8221;585px&#8221; custom_margin=&#8221;|||&#8221; custom_padding=&#8221;11vw||5vw||false|false&#8221; top_divider_style=&#8221;mountains2&#8243; top_divider_height=&#8221;18vw&#8221; top_divider_repeat=&#8221;0.5x&#8221; bottom_divider_style=&#8221;mountains2&#8243; bottom_divider_height=&#8221;14%&#8221; bottom_divider_repeat=&#8221;0.5x&#8221; bottom_divider_flip=&#8221;horizontal&#8221; locked=&#8221;off&#8221; global_colors_info=&#8221;{}&#8221;][et_pb_row _builder_version=&#8221;4.15&#8243; custom_margin=&#8221;-76px|auto||auto||&#8221; custom_padding=&#8221;27px|0px|0|0px|false|false&#8221; global_colors_info=&#8221;{}&#8221;][et_pb_column type=&#8221;4_4&#8243; _builder_version=&#8221;4.15&#8243; custom_padding=&#8221;|||&#8221; global_colors_info=&#8221;{}&#8221; custom_padding__hover=&#8221;|||&#8221;][et_pb_text _builder_version=&#8221;4.15&#8243; text_font=&#8221;Lato||||||||&#8221; text_font_size=&#8221;35px&#8221; header_font=&#8221;Lato||||||||&#8221; header_font_size=&#8221;90px&#8221; header_line_height=&#8221;1.4em&#8221; header_2_font=&#8221;Josefin Sans||||||||&#8221; header_2_text_color=&#8221;rgba(255,255,255,0.6)&#8221; header_2_font_size=&#8221;32px&#8221; header_2_line_height=&#8221;1.4em&#8221; background_layout=&#8221;dark&#8221; custom_padding=&#8221;223px|||||&#8221; animation_style=&#8221;slide&#8221; animation_direction=&#8221;right&#8221; animation_intensity_slide=&#8221;4%&#8221; text_font_size_tablet=&#8221;&#8221; text_font_size_phone=&#8221;19px&#8221; text_font_size_last_edited=&#8221;on|phone&#8221; header_font_size_tablet=&#8221;50px&#8221; header_font_size_phone=&#8221;40px&#8221; header_font_size_last_edited=&#8221;on|desktop&#8221; header_2_font_size_tablet=&#8221;&#8221; header_2_font_size_phone=&#8221;24px&#8221; header_2_font_size_last_edited=&#8221;on|phone&#8221; global_colors_info=&#8221;{}&#8221;]<\/p>\n<h1>W\u0142asny pr\u0105d?<\/h1>\n<p>Zobacz jakie to proste!<\/p>\n<p>[\/et_pb_text][\/et_pb_column][\/et_pb_row][\/et_pb_section][et_pb_section fb_built=&#8221;1&#8243; disabled_on=&#8221;on|off|off&#8221; _builder_version=&#8221;4.15&#8243; _module_preset=&#8221;default&#8221; global_colors_info=&#8221;{}&#8221;][et_pb_row column_structure=&#8221;1_3,1_3,1_3&#8243; _builder_version=&#8221;4.15&#8243; _module_preset=&#8221;default&#8221; global_colors_info=&#8221;{}&#8221;][et_pb_column type=&#8221;1_3&#8243; _builder_version=&#8221;4.15&#8243; _module_preset=&#8221;default&#8221; global_colors_info=&#8221;{}&#8221;][et_pb_image src=&#8221;http:\/\/fotowoltage.pl\/wp-content\/uploads\/2020\/08\/1-Zbadanie-potrzeb-energetycznych.jpg&#8221; alt=&#8221;Jak odpowiednio dobrac fotowoltaike&#8221; title_text=&#8221;Fotowoltaika audyt oferta umowa montaz&#8221; _builder_version=&#8221;4.15&#8243; _module_preset=&#8221;default&#8221; animation_style=&#8221;slide&#8221; box_shadow_style=&#8221;preset1&#8243; global_colors_info=&#8221;{}&#8221;][\/et_pb_image][et_pb_toggle title=&#8221;Zbadanie potrzeb energetycznych&#8221; icon_color=&#8221;#164c89&#8243; open_icon_color=&#8221;#164c89&#8243; _builder_version=&#8221;4.15&#8243; _module_preset=&#8221;default&#8221; title_text_color=&#8221;#164c89&#8243; title_font=&#8221;Lato||||||||&#8221; closed_title_font=&#8221;Lato||||||||&#8221; body_font=&#8221;Lato||||||||&#8221; animation_style=&#8221;slide&#8221; global_colors_info=&#8221;{}&#8221;]<\/p>\n<p style=\"margin-bottom: 0cm; line-height: 100%;\">Elektrownia s\u0142oneczna to inwestycja, kt\u00f3ra z za\u0142o\u017cenia ma zapewni\u0107 oszcz\u0119dno\u015bci. Aby tak mog\u0142o by\u0107, konieczna jest dok\u0142adna analiza Twoich potrzeb energetycznych.<\/p>\n<p style=\"margin-bottom: 0cm; line-height: 100%;\">Specyfika zu\u017cycia pr\u0105du u ka\u017cdego Klienta wygl\u0105da inaczej. To, co sprawdzi si\u0119 u s\u0105siada, mo\u017ce nie zadzia\u0142a\u0107 u Ciebie.<\/p>\n<p style=\"margin-bottom: 0cm; line-height: 100%;\">Szczeg\u00f3\u0142owej analizy dokonujemy na podstawie Twoich rachunk\u00f3w za pr\u0105d oraz wizji lokalnej miejsca monta\u017cu.<\/p>\n<p>[\/et_pb_toggle][\/et_pb_column][et_pb_column type=&#8221;1_3&#8243; _builder_version=&#8221;4.15&#8243; _module_preset=&#8221;default&#8221; global_colors_info=&#8221;{}&#8221;][et_pb_image src=&#8221;http:\/\/fotowoltage.pl\/wp-content\/uploads\/2020\/08\/2-Dopasowanie-oferty-do-potrzeb-Klienta.jpg&#8221; alt=&#8221;Jak dopasowac oferte dla klienta&#8221; title_text=&#8221;Fotowoltaika audyt oferta umowa montaz&#8221; _builder_version=&#8221;4.15&#8243; _module_preset=&#8221;default&#8221; animation_style=&#8221;slide&#8221; box_shadow_style=&#8221;preset1&#8243; global_colors_info=&#8221;{}&#8221;][\/et_pb_image][et_pb_toggle title=&#8221;Szyta na miar\u0119 oferta&#8221; icon_color=&#8221;#164c89&#8243; open_icon_color=&#8221;#164c89&#8243; _builder_version=&#8221;4.15&#8243; _module_preset=&#8221;default&#8221; title_text_color=&#8221;#164c89&#8243; title_font=&#8221;Lato||||||||&#8221; body_font=&#8221;Lato||||||||&#8221; animation_style=&#8221;slide&#8221; global_colors_info=&#8221;{}&#8221;]<\/p>\n<p style=\"margin-bottom: 0cm; line-height: 100%;\" lang=\"pl-PL\">Wiedz\u0105c jakie jest Twoje zapotrzebowanie na energi\u0119 elektryczn\u0105 i znaj\u0105c techniczne parametry miejsca monta\u017cu, jeste\u015bmy w stanie stworzy\u0107 dla Ciebie zindywidualizowan\u0105 ofert\u0119.<\/p>\n<p style=\"margin-bottom: 0cm; line-height: 100%;\" lang=\"pl-PL\">Ju\u017c na tym etapie poka\u017cemy Ci wst\u0119pne rozmieszczenie paneli i przeanalizujemy prognozowany uzysk energii.<\/p>\n<p style=\"margin-bottom: 0cm; line-height: 100%;\"><span lang=\"pl-PL\">Na tym etapie dok\u0142adnie t\u0142umaczymy przebieg inwestycji, omawiamy techniczne parametry podzespo\u0142\u00f3w, spos\u00f3b monta\u017cu oraz kwestie formalne.<\/span><\/p>\n<p>[\/et_pb_toggle][\/et_pb_column][et_pb_column type=&#8221;1_3&#8243; _builder_version=&#8221;4.15&#8243; _module_preset=&#8221;default&#8221; global_colors_info=&#8221;{}&#8221;][et_pb_image src=&#8221;http:\/\/fotowoltage.pl\/wp-content\/uploads\/2020\/08\/3-Podpisanie-umowy-na-elektrownie-sloneczna.jpg&#8221; alt=&#8221;Podpisanie umowy fotowoltaika&#8221; title_text=&#8221;Fotowoltaika audyt oferta umowa montaz&#8221; _builder_version=&#8221;4.15&#8243; _module_preset=&#8221;default&#8221; animation_style=&#8221;slide&#8221; box_shadow_style=&#8221;preset1&#8243; global_colors_info=&#8221;{}&#8221;][\/et_pb_image][et_pb_toggle title=&#8221;Podpisanie umowy&#8221; icon_color=&#8221;#164c89&#8243; open_icon_color=&#8221;#164c89&#8243; _builder_version=&#8221;4.15&#8243; _module_preset=&#8221;default&#8221; title_text_color=&#8221;#164c89&#8243; title_font=&#8221;Lato||||||||&#8221; body_font=&#8221;Lato||||||||&#8221; animation_style=&#8221;slide&#8221; global_colors_info=&#8221;{}&#8221;]<\/p>\n<p style=\"margin-bottom: 0cm; line-height: 100%;\"><span lang=\"pl-PL\">To ju\u017c p\u00f3\u0142metek<\/span><span lang=\"pl-PL\"> dro<\/span><span lang=\"pl-PL\">gi do w\u0142asnej elektrowni s\u0142onecznej!<\/span><span lang=\"pl-PL\"> <\/span><\/p>\n<p style=\"margin-bottom: 0cm; line-height: 100%;\" lang=\"pl-PL\">Je\u015bli wszystko si\u0119 zgadza, prosimy Ci\u0119 o podpis, kt\u00f3ry jest dla nas sygna\u0142em, aby zam\u00f3wi\u0107 sprz\u0119t i um\u00f3wi\u0107 termin z ekip\u0105 monta\u017cow\u0105.<\/p>\n<p style=\"margin-bottom: 0cm; line-height: 100%;\" lang=\"pl-PL\">W umowie znajdziesz wszystkie potrzebne informacje zwi\u0105zane z technicznymi parametrami podzespo\u0142\u00f3w, miejscem monta\u017cu i sposobem p\u0142atno\u015bci.<\/p>\n<p>[\/et_pb_toggle][\/et_pb_column][\/et_pb_row][et_pb_row column_structure=&#8221;1_3,1_3,1_3&#8243; _builder_version=&#8221;4.15&#8243; _module_preset=&#8221;default&#8221; global_colors_info=&#8221;{}&#8221;][et_pb_column type=&#8221;1_3&#8243; _builder_version=&#8221;4.15&#8243; _module_preset=&#8221;default&#8221; global_colors_info=&#8221;{}&#8221;][et_pb_image src=&#8221;http:\/\/fotowoltage.pl\/wp-content\/uploads\/2020\/08\/4-Montaz-fotowoltaiki.jpg&#8221; alt=&#8221;Montaz fotowoltaiki&#8221; title_text=&#8221;Fotowoltaika audyt oferta umowa montaz&#8221; _builder_version=&#8221;4.15&#8243; _module_preset=&#8221;default&#8221; animation_style=&#8221;slide&#8221; box_shadow_style=&#8221;preset1&#8243; global_colors_info=&#8221;{}&#8221;][\/et_pb_image][et_pb_toggle title=&#8221;Dostawa i monta\u017c sprz\u0119tu&#8221; icon_color=&#8221;#164c89&#8243; open_icon_color=&#8221;#164c89&#8243; _builder_version=&#8221;4.15&#8243; _module_preset=&#8221;default&#8221; title_text_color=&#8221;#164c89&#8243; title_font=&#8221;Lato||||||||&#8221; body_font=&#8221;Lato||||||||&#8221; animation_style=&#8221;slide&#8221; global_colors_info=&#8221;{}&#8221;]<\/p>\n<p style=\"margin-bottom: 0cm; line-height: 100%;\" lang=\"pl-PL\">O dostawie sprz\u0119tu na podany adres poinformujemy Ci\u0119 drog\u0105 telefoniczn\u0105 dzie\u0144 przed.<\/p>\n<p style=\"margin-bottom: 0cm; line-height: 100%;\"><span lang=\"pl-PL\">Staramy si\u0119, aby ekipa monta\u017cowa wykona\u0142a instalacje w mo\u017cliwie najkr\u00f3tszym terminie.<\/span><\/p>\n<p style=\"margin-bottom: 0cm; line-height: 100%;\"><span lang=\"pl-PL\">Nasz zesp\u00f3\u0142 za sob\u0105 ponad 300 realizacji, cechuje ich do\u015bwiadczenie i profesjonalizm. S\u0105 otwarci na sugestie i ch\u0119tnie odpowiedz\u0105 na ka\u017cde Twoje pytanie.<\/span><\/p>\n<p style=\"margin-bottom: 0cm; line-height: 100%;\"><span lang=\"pl-PL\">Instalacje do 10 kW s\u0105 w stanie zamontowa\u0107 w przeci\u0105gu jednego dnia.<\/span><\/p>\n<p>[\/et_pb_toggle][\/et_pb_column][et_pb_column type=&#8221;1_3&#8243; _builder_version=&#8221;4.15&#8243; _module_preset=&#8221;default&#8221; global_colors_info=&#8221;{}&#8221;][et_pb_image src=&#8221;http:\/\/fotowoltage.pl\/wp-content\/uploads\/2020\/08\/5-Uruchomienie-instalacji-PV.jpg&#8221; alt=&#8221;Jak dziala elektrownia sloneczna&#8221; title_text=&#8221;Fotowoltaika audyt oferta umowa montaz&#8221; _builder_version=&#8221;4.15&#8243; _module_preset=&#8221;default&#8221; animation_style=&#8221;slide&#8221; box_shadow_style=&#8221;preset1&#8243; global_colors_info=&#8221;{}&#8221;][\/et_pb_image][et_pb_toggle title=&#8221;Uruchomienie elektrowni&#8221; icon_color=&#8221;#164c89&#8243; open_icon_color=&#8221;#164c89&#8243; _builder_version=&#8221;4.15&#8243; _module_preset=&#8221;default&#8221; title_text_color=&#8221;#164c89&#8243; title_font=&#8221;Lato||||||||&#8221; body_font=&#8221;Lato||||||||&#8221; animation_style=&#8221;slide&#8221; global_colors_info=&#8221;{}&#8221;]<\/p>\n<p style=\"margin-bottom: 0cm; line-height: 100%;\" lang=\"pl-PL\">Po monta\u017cu elektrowni s\u0142onecznej nadszed\u0142 czas na najbardziej ekscytuj\u0105cy moment \u2013 uruchomienie instalacji!<\/p>\n<p style=\"margin-bottom: 0cm; line-height: 100%;\" lang=\"pl-PL\">Mo\u017cesz to zrobi\u0107 samodzielnie, b\u0105d\u017a poprosi\u0107 o pomoc nas, ale dopiero po uzyskaniu od Zak\u0142adu Energetycznego pisma potwierdzaj\u0105cego przy\u0142\u0105czenie mikroinstalacji.<\/p>\n<p style=\"margin-bottom: 0cm; line-height: 100%;\" lang=\"pl-PL\">Teraz mo\u017cesz na bie\u017c\u0105co monitorowa\u0107 produkcj\u0119 pr\u0105du i cieszy\u0107 si\u0119 darmow\u0105 energi\u0105 ze s\u0142o\u0144ca!<\/p>\n<p>[\/et_pb_toggle][\/et_pb_column][et_pb_column type=&#8221;1_3&#8243; _builder_version=&#8221;4.15&#8243; _module_preset=&#8221;default&#8221; global_colors_info=&#8221;{}&#8221;][et_pb_image src=&#8221;http:\/\/fotowoltage.pl\/wp-content\/uploads\/2020\/11\/6-Dofinansowanie-do-fotowoltaiki.jpg&#8221; alt=&#8221;Programy dofinansowania elektrowni slonecznych&#8221; title_text=&#8221;Dofinansowania do fotowoltaiki&#8221; _builder_version=&#8221;4.15&#8243; _module_preset=&#8221;default&#8221; animation_style=&#8221;slide&#8221; box_shadow_style=&#8221;preset1&#8243; global_colors_info=&#8221;{}&#8221;][\/et_pb_image][et_pb_toggle title=&#8221;Uzyskanie dofinansowania&#8221; icon_color=&#8221;#164c89&#8243; open_icon_color=&#8221;#164c89&#8243; _builder_version=&#8221;4.15&#8243; _module_preset=&#8221;default&#8221; title_text_color=&#8221;#164c89&#8243; title_font=&#8221;Lato||||||||&#8221; body_font=&#8221;Lato||||||||&#8221; animation_style=&#8221;slide&#8221; global_colors_info=&#8221;{}&#8221;]<\/p>\n<p style=\"margin-bottom: 0cm; line-height: 100%;\" lang=\"pl-PL\">Ostatnim etapem jest z\u0142o\u017cenie dokument\u00f3w do odpowiedniego organu, celem uzyskania dofinansowania na fotowoltaik\u0119.<\/p>\n<p style=\"margin-bottom: 0cm; line-height: 100%;\" lang=\"pl-PL\">Dost\u0119pne opcje to:<\/p>\n<p style=\"margin-bottom: 0cm; line-height: 100%;\" lang=\"pl-PL\">1. Program &#8222;M\u00f3j Pr\u0105d&#8221;.<\/p>\n<p style=\"margin-bottom: 0cm; line-height: 100%;\" lang=\"pl-PL\">2. Program &#8222;Czyste Powietrze&#8221;.<\/p>\n<p style=\"margin-bottom: 0cm; line-height: 100%;\" lang=\"pl-PL\">3. Ulga termomodernizacyjna, kt\u00f3ra jest odliczana od podatku os\u00f3b fizycznych.<\/p>\n<p style=\"margin-bottom: 0cm; line-height: 100%;\"><span lang=\"pl-PL\"><\/span><\/p>\n<p style=\"margin-bottom: 0cm; line-height: 100%;\"><span lang=\"pl-PL\">Je\u015bli nie masz czasu na wype\u0142nianie wniosk\u00f3w, b\u0105d\u017a nie wiesz jak powinien wygl\u0105da\u0107 poprawnie uzupe\u0142niony &#8211; s\u0142u\u017cymy pomoc\u0105!<\/span><\/p>\n<p>[\/et_pb_toggle][\/et_pb_column][\/et_pb_row][\/et_pb_section][et_pb_section fb_built=&#8221;1&#8243; disabled_on=&#8221;off|on|on&#8221; _builder_version=&#8221;4.15&#8243; _module_preset=&#8221;default&#8221; global_colors_info=&#8221;{}&#8221;][et_pb_row column_structure=&#8221;1_3,1_3,1_3&#8243; _builder_version=&#8221;4.15&#8243; _module_preset=&#8221;default&#8221; custom_padding=&#8221;||0px|||&#8221; global_colors_info=&#8221;{}&#8221;][et_pb_column type=&#8221;1_3&#8243; _builder_version=&#8221;4.15&#8243; _module_preset=&#8221;default&#8221; global_colors_info=&#8221;{}&#8221;][et_pb_image src=&#8221;http:\/\/fotowoltage.pl\/wp-content\/uploads\/2020\/09\/1-Zbadanie-potrzeb-energetycznych.jpg&#8221; alt=&#8221;Zbadanie potrzeb energetycznych&#8221; title_text=&#8221;Fotowoltaika dla domu&#8221; align=&#8221;center&#8221; _builder_version=&#8221;4.15&#8243; _module_preset=&#8221;default&#8221; animation_style=&#8221;slide&#8221; box_shadow_style=&#8221;preset1&#8243; global_colors_info=&#8221;{}&#8221;][\/et_pb_image][et_pb_toggle title=&#8221;Zbadanie potrzeb energetycznych&#8221; icon_color=&#8221;#164c89&#8243; open_icon_color=&#8221;#164c89&#8243; _builder_version=&#8221;4.15&#8243; _module_preset=&#8221;default&#8221; title_text_color=&#8221;#164c89&#8243; title_font=&#8221;Lato||||||||&#8221; closed_title_font=&#8221;Lato||||||||&#8221; body_font=&#8221;Lato||||||||&#8221; animation_style=&#8221;slide&#8221; global_colors_info=&#8221;{}&#8221;]<\/p>\n<p style=\"margin-bottom: 0cm; line-height: 100%;\">Elektrownia s\u0142oneczna to inwestycja, kt\u00f3ra z za\u0142o\u017cenia ma zapewni\u0107 oszcz\u0119dno\u015bci. Aby tak mog\u0142o by\u0107, konieczna jest dok\u0142adna analiza Twoich potrzeb energetycznych.<\/p>\n<p style=\"margin-bottom: 0cm; line-height: 100%;\">Specyfika zu\u017cycia pr\u0105du u ka\u017cdego Klienta wygl\u0105da inaczej. To, co sprawdzi si\u0119 u s\u0105siada, mo\u017ce nie zadzia\u0142a\u0107 u Ciebie.<\/p>\n<p style=\"margin-bottom: 0cm; line-height: 100%;\">Szczeg\u00f3\u0142owej analizy dokonujemy na podstawie Twoich rachunk\u00f3w za pr\u0105d oraz wizji lokalnej miejsca monta\u017cu.<\/p>\n<p>[\/et_pb_toggle][\/et_pb_column][et_pb_column type=&#8221;1_3&#8243; _builder_version=&#8221;4.15&#8243; _module_preset=&#8221;default&#8221; global_colors_info=&#8221;{}&#8221;][et_pb_image src=&#8221;http:\/\/fotowoltage.pl\/wp-content\/uploads\/2020\/09\/2-Dopasowanie-oferty-do-potrzeb-Klienta.jpg&#8221; alt=&#8221;Jak dobrac elektrownie sloneczna&#8221; title_text=&#8221;Fotowoltaika dla domu&#8221; align=&#8221;center&#8221; _builder_version=&#8221;4.15&#8243; _module_preset=&#8221;default&#8221; animation_style=&#8221;slide&#8221; box_shadow_style=&#8221;preset1&#8243; global_colors_info=&#8221;{}&#8221;][\/et_pb_image][et_pb_toggle title=&#8221;Szyta na miar\u0119 oferta&#8221; icon_color=&#8221;#164c89&#8243; open_icon_color=&#8221;#164c89&#8243; _builder_version=&#8221;4.15&#8243; _module_preset=&#8221;default&#8221; title_text_color=&#8221;#164c89&#8243; title_font=&#8221;Lato||||||||&#8221; body_font=&#8221;Lato||||||||&#8221; animation_style=&#8221;slide&#8221; global_colors_info=&#8221;{}&#8221;]<\/p>\n<p style=\"margin-bottom: 0cm; line-height: 100%;\" lang=\"pl-PL\">Wiedz\u0105c jakie jest Twoje zapotrzebowanie na energi\u0119 elektryczn\u0105 i znaj\u0105c techniczne parametry miejsca monta\u017cu, jeste\u015bmy w stanie stworzy\u0107 dla Ciebie zindywidualizowan\u0105 ofert\u0119.<\/p>\n<p style=\"margin-bottom: 0cm; line-height: 100%;\" lang=\"pl-PL\">Ju\u017c na tym etapie poka\u017cemy Ci wst\u0119pne rozmieszczenie paneli i przeanalizujemy prognozowany uzysk energii.<\/p>\n<p style=\"margin-bottom: 0cm; line-height: 100%;\"><span lang=\"pl-PL\">Na tym etapie dok\u0142adnie t\u0142umaczymy przebieg inwestycji, omawiamy techniczne parametry podzespo\u0142\u00f3w, spos\u00f3b monta\u017cu oraz kwestie formalne.<\/span><\/p>\n<p>[\/et_pb_toggle][et_pb_image src=&#8221;http:\/\/fotowoltage.pl\/wp-content\/uploads\/2020\/09\/3-Podpisanie-umowy-na-elektrownie-sloneczna.jpg&#8221; alt=&#8221;Elektrownie sloneczne dla domu&#8221; title_text=&#8221;Fotowoltaika dla domu&#8221; align=&#8221;center&#8221; _builder_version=&#8221;4.15&#8243; _module_preset=&#8221;default&#8221; animation_style=&#8221;slide&#8221; box_shadow_style=&#8221;preset1&#8243; global_colors_info=&#8221;{}&#8221;][\/et_pb_image][et_pb_toggle title=&#8221;Podpisanie umowy&#8221; icon_color=&#8221;#164c89&#8243; open_icon_color=&#8221;#164c89&#8243; _builder_version=&#8221;4.15&#8243; _module_preset=&#8221;default&#8221; title_text_color=&#8221;#164c89&#8243; title_font=&#8221;Lato||||||||&#8221; body_font=&#8221;Lato||||||||&#8221; animation_style=&#8221;slide&#8221; global_colors_info=&#8221;{}&#8221;]<\/p>\n<p style=\"margin-bottom: 0cm; line-height: 100%;\"><span lang=\"pl-PL\">To ju\u017c p\u00f3\u0142metek<\/span><span lang=\"pl-PL\"> dro<\/span><span lang=\"pl-PL\">gi do w\u0142asnej elektrowni s\u0142onecznej!<\/span><span lang=\"pl-PL\"> <\/span><\/p>\n<p style=\"margin-bottom: 0cm; line-height: 100%;\" lang=\"pl-PL\">Je\u015bli wszystko si\u0119 zgadza, prosimy Ci\u0119 o podpis, kt\u00f3ry jest dla nas sygna\u0142em, aby zam\u00f3wi\u0107 sprz\u0119t i um\u00f3wi\u0107 termin z ekip\u0105 monta\u017cow\u0105.<\/p>\n<p style=\"margin-bottom: 0cm; line-height: 100%;\" lang=\"pl-PL\">W umowie znajdziesz wszystkie potrzebne informacje zwi\u0105zane z technicznymi parametrami podzespo\u0142\u00f3w, miejscem monta\u017cu i sposobem p\u0142atno\u015bci.<\/p>\n<p>[\/et_pb_toggle][\/et_pb_column][et_pb_column type=&#8221;1_3&#8243; _builder_version=&#8221;4.15&#8243; _module_preset=&#8221;default&#8221; global_colors_info=&#8221;{}&#8221;][\/et_pb_column][\/et_pb_row][et_pb_row column_structure=&#8221;1_3,1_3,1_3&#8243; _builder_version=&#8221;4.15&#8243; _module_preset=&#8221;default&#8221; custom_margin=&#8221;-38px|auto||auto||&#8221; global_colors_info=&#8221;{}&#8221;][et_pb_column type=&#8221;1_3&#8243; _builder_version=&#8221;4.15&#8243; _module_preset=&#8221;default&#8221; global_colors_info=&#8221;{}&#8221;][et_pb_image src=&#8221;http:\/\/fotowoltage.pl\/wp-content\/uploads\/2020\/09\/4-Dostawa-i-montaz-sprzetu.jpg&#8221; alt=&#8221;Montaz elektrowni slonecznej&#8221; title_text=&#8221;Fotowoltaika dla domu&#8221; align=&#8221;center&#8221; _builder_version=&#8221;4.15&#8243; _module_preset=&#8221;default&#8221; custom_margin=&#8221;-37px|||||&#8221; animation_style=&#8221;slide&#8221; box_shadow_style=&#8221;preset1&#8243; global_colors_info=&#8221;{}&#8221;][\/et_pb_image][et_pb_toggle title=&#8221;Dostawa i monta\u017c sprz\u0119tu&#8221; icon_color=&#8221;#164c89&#8243; open_icon_color=&#8221;#164c89&#8243; _builder_version=&#8221;4.15&#8243; _module_preset=&#8221;default&#8221; title_text_color=&#8221;#164c89&#8243; title_font=&#8221;Lato||||||||&#8221; body_font=&#8221;Lato||||||||&#8221; animation_style=&#8221;slide&#8221; global_colors_info=&#8221;{}&#8221;]<\/p>\n<p style=\"margin-bottom: 0cm; line-height: 100%;\" lang=\"pl-PL\">O dostawie sprz\u0119tu na podany adres poinformujemy Ci\u0119 drog\u0105 telefoniczn\u0105 dzie\u0144 przed.<\/p>\n<p style=\"margin-bottom: 0cm; line-height: 100%;\"><span lang=\"pl-PL\">Staramy si\u0119, aby ekipa monta\u017cowa wykona\u0142a instalacje w mo\u017cliwie najkr\u00f3tszym terminie.<\/span><\/p>\n<p style=\"margin-bottom: 0cm; line-height: 100%;\"><span lang=\"pl-PL\">Nasz zesp\u00f3\u0142 za sob\u0105 ponad 300 realizacji, cechuje ich do\u015bwiadczenie i profesjonalizm. S\u0105 otwarci na sugestie i ch\u0119tnie odpowiedz\u0105 na ka\u017cde Twoje pytanie.<\/span><\/p>\n<p style=\"margin-bottom: 0cm; line-height: 100%;\"><span lang=\"pl-PL\">Instalacje do 10 kW s\u0105 w stanie zamontowa\u0107 w przeci\u0105gu jednego dnia.<\/span><\/p>\n<p>[\/et_pb_toggle][\/et_pb_column][et_pb_column type=&#8221;1_3&#8243; _builder_version=&#8221;4.15&#8243; _module_preset=&#8221;default&#8221; global_colors_info=&#8221;{}&#8221;][et_pb_image src=&#8221;http:\/\/fotowoltage.pl\/wp-content\/uploads\/2020\/09\/5-Uruchomienie-instalacji-PV.jpg&#8221; alt=&#8221;Jak uruchomic fotowoltaike&#8221; title_text=&#8221;Fotowoltaika dla domu&#8221; align=&#8221;center&#8221; _builder_version=&#8221;4.15&#8243; _module_preset=&#8221;default&#8221; animation_style=&#8221;slide&#8221; box_shadow_style=&#8221;preset1&#8243; global_colors_info=&#8221;{}&#8221;][\/et_pb_image][et_pb_toggle title=&#8221;Uruchomienie elektrowni&#8221; icon_color=&#8221;#164c89&#8243; open_icon_color=&#8221;#164c89&#8243; _builder_version=&#8221;4.15&#8243; _module_preset=&#8221;default&#8221; title_text_color=&#8221;#164c89&#8243; title_font=&#8221;Lato||||||||&#8221; body_font=&#8221;Lato||||||||&#8221; animation_style=&#8221;slide&#8221; global_colors_info=&#8221;{}&#8221;]<\/p>\n<p style=\"margin-bottom: 0cm; line-height: 100%;\" lang=\"pl-PL\">Po monta\u017cu elektrowni s\u0142onecznej nadszed\u0142 czas na najbardziej ekscytuj\u0105cy moment \u2013 uruchomienie instalacji!<\/p>\n<p style=\"margin-bottom: 0cm; line-height: 100%;\" lang=\"pl-PL\">Mo\u017cesz to zrobi\u0107 samodzielnie, b\u0105d\u017a poprosi\u0107 o pomoc nas, ale dopiero po uzyskaniu od Zak\u0142adu Energetycznego pisma potwierdzaj\u0105cego przy\u0142\u0105czenie mikroinstalacji.<\/p>\n<p style=\"margin-bottom: 0cm; line-height: 100%;\" lang=\"pl-PL\">Teraz mo\u017cesz na bie\u017c\u0105co monitorowa\u0107 produkcj\u0119 pr\u0105du i cieszy\u0107 si\u0119 darmow\u0105 energi\u0105 ze s\u0142o\u0144ca!<\/p>\n<p>[\/et_pb_toggle][\/et_pb_column][et_pb_column type=&#8221;1_3&#8243; _builder_version=&#8221;4.15&#8243; _module_preset=&#8221;default&#8221; global_colors_info=&#8221;{}&#8221;][et_pb_image src=&#8221;http:\/\/fotowoltage.pl\/wp-content\/uploads\/2020\/11\/6-Dofinansowanie-do-fotowoltaiki-1.jpg&#8221; alt=&#8221;Dofinansowanie do fotowoltaiki z programu czyste powietrze&#8221; title_text=&#8221;Dofinansowania do fotowoltaiki&#8221; align=&#8221;center&#8221; _builder_version=&#8221;4.15&#8243; _module_preset=&#8221;default&#8221; animation_style=&#8221;slide&#8221; box_shadow_style=&#8221;preset1&#8243; global_colors_info=&#8221;{}&#8221;][\/et_pb_image][et_pb_toggle title=&#8221;Uzyskanie dofinansowania&#8221; icon_color=&#8221;#164c89&#8243; open_icon_color=&#8221;#164c89&#8243; _builder_version=&#8221;4.15&#8243; _module_preset=&#8221;default&#8221; title_text_color=&#8221;#164c89&#8243; title_font=&#8221;Lato||||||||&#8221; body_font=&#8221;Lato||||||||&#8221; animation_style=&#8221;slide&#8221; global_colors_info=&#8221;{}&#8221;]<\/p>\n<p style=\"margin-bottom: 0cm; line-height: 100%;\" lang=\"pl-PL\">Ostatnim etapem jest z\u0142o\u017cenie dokument\u00f3w do odpowiedniego organu, celem uzyskania dofinansowania na fotowoltaik\u0119.<\/p>\n<p style=\"margin-bottom: 0cm; line-height: 100%;\" lang=\"pl-PL\">Dost\u0119pne opcje to:<\/p>\n<p style=\"margin-bottom: 0cm; line-height: 100%;\" lang=\"pl-PL\">1. Program &#8222;M\u00f3j Pr\u0105d&#8221;.<\/p>\n<p style=\"margin-bottom: 0cm; line-height: 100%;\" lang=\"pl-PL\">2. Program &#8222;Czyste Powietrze&#8221;.<\/p>\n<p style=\"margin-bottom: 0cm; line-height: 100%;\" lang=\"pl-PL\">3. Ulga termomodernizacyjna, kt\u00f3ra jest odliczana od podatku os\u00f3b fizycznych.<\/p>\n<p style=\"margin-bottom: 0cm; line-height: 100%;\"><span lang=\"pl-PL\">Je\u015bli nie masz czasu na wype\u0142nianie wniosk\u00f3w, b\u0105d\u017a nie wiesz jak powinien wygl\u0105da\u0107 poprawnie uzupe\u0142niony &#8211; s\u0142u\u017cymy pomoc\u0105!<\/span><\/p>\n<p>[\/et_pb_toggle][\/et_pb_column][\/et_pb_row][\/et_pb_section][et_pb_section fb_built=&#8221;1&#8243; prev_background_color=&#8221;#ffffff&#8221; next_background_color=&#8221;#ffffff&#8221; disabled_on=&#8221;on|off|off&#8221; admin_label=&#8221;Call To Action&#8221; _builder_version=&#8221;4.5.7&#8243; use_background_color_gradient=&#8221;on&#8221; background_color_gradient_start=&#8221;#164c89&#8243; background_color_gradient_end=&#8221;rgba(128,103,79,0.5)&#8221; background_color_gradient_direction=&#8221;70deg&#8221; background_color_gradient_overlays_image=&#8221;on&#8221; background_image=&#8221;http:\/\/fotowoltage.pl\/wp-content\/uploads\/2020\/09\/coffee-1209090_1280-1.jpg&#8221; min_height=&#8221;585px&#8221; custom_margin=&#8221;|||&#8221; custom_padding=&#8221;11vw||5vw||false|false&#8221; top_divider_style=&#8221;mountains2&#8243; top_divider_height=&#8221;18vw&#8221; top_divider_repeat=&#8221;0.5x&#8221; bottom_divider_style=&#8221;mountains2&#8243; bottom_divider_height=&#8221;14%&#8221; bottom_divider_repeat=&#8221;0.5x&#8221; bottom_divider_flip=&#8221;horizontal&#8221; locked=&#8221;off&#8221; global_colors_info=&#8221;{}&#8221;][et_pb_row _builder_version=&#8221;4.15&#8243; custom_margin=&#8221;-76px|auto||auto||&#8221; custom_padding=&#8221;27px|0px|0|0px|false|false&#8221; global_colors_info=&#8221;{}&#8221;][et_pb_column type=&#8221;4_4&#8243; _builder_version=&#8221;4.15&#8243; custom_padding=&#8221;|||&#8221; global_colors_info=&#8221;{}&#8221; custom_padding__hover=&#8221;|||&#8221;][et_pb_text _builder_version=&#8221;4.15&#8243; text_font=&#8221;Lato||||||||&#8221; text_font_size=&#8221;35px&#8221; header_font=&#8221;Lato||||||||&#8221; header_font_size=&#8221;76px&#8221; header_line_height=&#8221;1.4em&#8221; header_2_font=&#8221;Josefin Sans||||||||&#8221; header_2_text_color=&#8221;rgba(255,255,255,0.6)&#8221; header_2_font_size=&#8221;32px&#8221; header_2_line_height=&#8221;1.4em&#8221; background_layout=&#8221;dark&#8221; custom_padding=&#8221;130px|||||&#8221; animation_style=&#8221;slide&#8221; animation_direction=&#8221;right&#8221; animation_intensity_slide=&#8221;4%&#8221; header_font_size_tablet=&#8221;50px&#8221; header_font_size_phone=&#8221;32px&#8221; header_font_size_last_edited=&#8221;on|desktop&#8221; header_2_font_size_tablet=&#8221;&#8221; header_2_font_size_phone=&#8221;24px&#8221; header_2_font_size_last_edited=&#8221;on|phone&#8221; global_colors_info=&#8221;{}&#8221;]<\/p>\n<h1>A teraz&#8230; zagotuj wod\u0119 na kaw\u0119.<\/h1>\n<p>U\u017cywaj\u0105c w\u0142asnego pr\u0105du!<\/p>\n<p>[\/et_pb_text][\/et_pb_column][\/et_pb_row][\/et_pb_section][et_pb_section fb_built=&#8221;1&#8243; prev_background_color=&#8221;#ffffff&#8221; next_background_color=&#8221;#ffffff&#8221; disabled_on=&#8221;off|on|on&#8221; admin_label=&#8221;Call To Action&#8221; _builder_version=&#8221;4.5.7&#8243; use_background_color_gradient=&#8221;on&#8221; background_color_gradient_start=&#8221;#164c89&#8243; background_color_gradient_end=&#8221;rgba(128,103,79,0.5)&#8221; background_color_gradient_direction=&#8221;70deg&#8221; background_color_gradient_overlays_image=&#8221;on&#8221; background_image=&#8221;http:\/\/fotowoltage.pl\/wp-content\/uploads\/2020\/09\/Fotowoltaika-dla-dla-klienta-indywidualnego.jpg&#8221; min_height=&#8221;585px&#8221; custom_margin=&#8221;|||&#8221; custom_padding=&#8221;11vw||5vw||false|false&#8221; top_divider_style=&#8221;mountains2&#8243; top_divider_height=&#8221;18vw&#8221; top_divider_repeat=&#8221;0.5x&#8221; bottom_divider_style=&#8221;mountains2&#8243; bottom_divider_height=&#8221;14%&#8221; bottom_divider_repeat=&#8221;0.5x&#8221; bottom_divider_flip=&#8221;horizontal&#8221; locked=&#8221;off&#8221; global_colors_info=&#8221;{}&#8221;][et_pb_row _builder_version=&#8221;4.15&#8243; custom_margin=&#8221;-76px|auto||auto||&#8221; custom_padding=&#8221;27px|0px|0|0px|false|false&#8221; global_colors_info=&#8221;{}&#8221;][et_pb_column type=&#8221;4_4&#8243; _builder_version=&#8221;4.15&#8243; custom_padding=&#8221;|||&#8221; global_colors_info=&#8221;{}&#8221; custom_padding__hover=&#8221;|||&#8221;][et_pb_text content_tablet=&#8221;&#8221; content_phone=&#8221;<\/p>\n<h1>A teraz&#8230;<\/h1>\n<h2>zagotuj wod\u0119 na kaw\u0119.<\/h2>\n<\/p>\n<p>U\u017cywaj\u0105c w\u0142asnego pr\u0105du!<\/p>\n<p>&#8221; content_last_edited=&#8221;on|phone&#8221; _builder_version=&#8221;4.15&#8243; text_font=&#8221;Lato||||||||&#8221; text_font_size=&#8221;35px&#8221; header_font=&#8221;Lato||||||||&#8221; header_font_size=&#8221;90px&#8221; header_line_height=&#8221;1.4em&#8221; header_2_font=&#8221;Josefin Sans||||||||&#8221; header_2_text_color=&#8221;rgba(255,255,255,0.6)&#8221; header_2_font_size=&#8221;32px&#8221; header_2_line_height=&#8221;1.4em&#8221; background_layout=&#8221;dark&#8221; custom_padding=&#8221;205px|||||&#8221; animation_style=&#8221;slide&#8221; animation_direction=&#8221;right&#8221; animation_intensity_slide=&#8221;4%&#8221; text_font_size_tablet=&#8221;&#8221; text_font_size_phone=&#8221;21px&#8221; text_font_size_last_edited=&#8221;on|phone&#8221; header_font_size_tablet=&#8221;50px&#8221; header_font_size_phone=&#8221;45px&#8221; header_font_size_last_edited=&#8221;on|desktop&#8221; header_2_font_tablet=&#8221;&#8221; header_2_font_phone=&#8221;Lato||||||||&#8221; header_2_font_last_edited=&#8221;on|phone&#8221; header_2_text_color_tablet=&#8221;&#8221; header_2_text_color_phone=&#8221;#ffffff&#8221; header_2_text_color_last_edited=&#8221;on|phone&#8221; header_2_font_size_tablet=&#8221;&#8221; header_2_font_size_phone=&#8221;27px&#8221; header_2_font_size_last_edited=&#8221;on|phone&#8221; global_colors_info=&#8221;{}&#8221;]<\/p>\n<h1>A teraz&#8230; zagotuj wod\u0119 na kaw\u0119.<\/h1>\n<p>U\u017cywaj\u0105c w\u0142asnego pr\u0105du!<\/p>\n<p>[\/et_pb_text][\/et_pb_column][\/et_pb_row][\/et_pb_section]<\/p>\n","protected":false},"excerpt":{"rendered":"<p>Fotowoltaika dla domuFotowoltaika dla domu &nbsp;Instalacje fotowoltaiczne zg\u0142oszone i przy\u0142\u0105czone do 31 marca 2022 roku w\u0142\u0105cznie, b\u0119d\u0105 rozliczane zgodnie z zasad\u0105 opust\u00f3w, czyli 20% wyprodukowanej energii elektrycznej oddajemy do sieci celem &#8222;zap\u0142aty&#8221; za magazynowanie. Pozosta\u0142e 80% mo\u017cemy wykorzysta\u0107 i odebra\u0107 w ci\u0105gu roku. Od 1 kwietnia 2022 roku w \u017cycie wejdzie nowy spos\u00f3b rozliczania, tzw. [&hellip;]<\/p>\n","protected":false},"author":1,"featured_media":0,"parent":0,"menu_order":0,"comment_status":"closed","ping_status":"closed","template":"","meta":{"_et_pb_use_builder":"on","_et_pb_old_content":"","_et_gb_content_width":"","footnotes":""},"class_list":["post-53","page","type-page","status-publish","hentry"],"_links":{"self":[{"href":"https:\/\/fotowoltage.pl\/index.php\/wp-json\/wp\/v2\/pages\/53","targetHints":{"allow":["GET"]}}],"collection":[{"href":"https:\/\/fotowoltage.pl\/index.php\/wp-json\/wp\/v2\/pages"}],"about":[{"href":"https:\/\/fotowoltage.pl\/index.php\/wp-json\/wp\/v2\/types\/page"}],"author":[{"embeddable":true,"href":"https:\/\/fotowoltage.pl\/index.php\/wp-json\/wp\/v2\/users\/1"}],"replies":[{"embeddable":true,"href":"https:\/\/fotowoltage.pl\/index.php\/wp-json\/wp\/v2\/comments?post=53"}],"version-history":[{"count":47,"href":"https:\/\/fotowoltage.pl\/index.php\/wp-json\/wp\/v2\/pages\/53\/revisions"}],"predecessor-version":[{"id":1301,"href":"https:\/\/fotowoltage.pl\/index.php\/wp-json\/wp\/v2\/pages\/53\/revisions\/1301"}],"wp:attachment":[{"href":"https:\/\/fotowoltage.pl\/index.php\/wp-json\/wp\/v2\/media?parent=53"}],"curies":[{"name":"wp","href":"https:\/\/api.w.org\/{rel}","templated":true}]}}